{"id":1135,"date":"2020-09-27T01:40:54","date_gmt":"2020-09-26T23:40:54","guid":{"rendered":"https:\/\/teresacatalan.com\/?page_id=1135"},"modified":"2025-12-12T14:01:04","modified_gmt":"2025-12-12T12:01:04","slug":"discography","status":"publish","type":"page","link":"https:\/\/teresacatalan.com\/?page_id=1135&lang=en","title":{"rendered":"Discography"},"content":{"rendered":"\n<div class=\"wp-block-columns is-layout-flex wp-container-core-columns-is-layout-9d6595d7 wp-block-columns-is-layout-flex\">\n<div class=\"wp-block-column is-layout-flow wp-block-column-is-layout-flow\" style=\"flex-basis:20%\">\n<figure class=\"wp-block-gallery has-nested-images columns-default is-cropped wp-block-gallery-1 is-layout-flex wp-block-gallery-is-layout-flex\">\n<figure class=\"wp-block-image size-large\"><a href=\"https:\/\/teresacatalan.com\/wp-content\/uploads\/2025\/03\/disco_021.jpg\"><img decoding=\"async\" src=\"https:\/\/teresacatalan.com\/wp-content\/uploads\/2025\/12\/disco_024.jpg\" alt=\"\"\/><\/a><\/figure>\n<\/figure>\n<\/div>\n\n\n\n<div class=\"wp-block-column is-layout-flow wp-block-column-is-layout-flow\" style=\"flex-basis:80%\">\n<p>CD <strong>ALAS DE MUJER &#8211; COMPOSITORAS ESPA\u00d1OLAS<\/strong><br><em>Edited by:<\/em> J. Monteverde. Estudios Cezanne, 2025.<br><em>Performer:<\/em> M\u00aa Teresa Chenlo, Clave y piano.<\/p>\n<\/div>\n<\/div>\n\n\n\n<div class=\"wp-block-columns is-layout-flex wp-container-core-columns-is-layout-9d6595d7 wp-block-columns-is-layout-flex\">\n<div class=\"wp-block-column is-layout-flow wp-block-column-is-layout-flow\" style=\"flex-basis:20%\">\n<figure class=\"wp-block-gallery has-nested-images columns-default is-cropped wp-block-gallery-2 is-layout-flex wp-block-gallery-is-layout-flex\">\n<figure class=\"wp-block-image size-large\"><a href=\"https:\/\/teresacatalan.com\/wp-content\/uploads\/2025\/07\/disco_023.jpg\"><img decoding=\"async\" src=\"https:\/\/teresacatalan.com\/wp-content\/uploads\/2025\/07\/disco_023.jpg\" alt=\"\"\/><\/a><\/figure>\n<\/figure>\n<\/div>\n\n\n\n<div class=\"wp-block-column is-layout-flow wp-block-column-is-layout-flow\" style=\"flex-basis:80%\">\n<p>CD <strong>FR\u00c9D\u00c9RIC CHOPIN. Mallorca Preludes<\/strong><br><em><em>Edited by<\/em>:<\/em> Challenge Classics (Netherlands), 2025.<br><em><em>Performer<\/em>:<\/em> Egl\u0117 Andrejevait\u0117 (piano).<\/p>\n<\/div>\n<\/div>\n\n\n\n<div class=\"wp-block-columns is-layout-flex wp-container-core-columns-is-layout-9d6595d7 wp-block-columns-is-layout-flex\">\n<div class=\"wp-block-column is-layout-flow wp-block-column-is-layout-flow\" style=\"flex-basis:20%\">\n<figure class=\"wp-block-gallery has-nested-images columns-default is-cropped wp-block-gallery-3 is-layout-flex wp-block-gallery-is-layout-flex\">\n<figure class=\"wp-block-image size-full\"><a href=\"https:\/\/teresacatalan.com\/wp-content\/uploads\/2025\/03\/disco_021.jpg\"><img loading=\"lazy\" decoding=\"async\" width=\"500\" height=\"500\" data-id=\"1416\" src=\"https:\/\/teresacatalan.com\/wp-content\/uploads\/2025\/03\/disco_021.jpg\" alt=\"\" class=\"wp-image-1416\" srcset=\"https:\/\/teresacatalan.com\/wp-content\/uploads\/2025\/03\/disco_021.jpg 500w, https:\/\/teresacatalan.com\/wp-content\/uploads\/2025\/03\/disco_021-300x300.jpg 300w, https:\/\/teresacatalan.com\/wp-content\/uploads\/2025\/03\/disco_021-150x150.jpg 150w, https:\/\/teresacatalan.com\/wp-content\/uploads\/2025\/03\/disco_021-370x370.jpg 370w\" sizes=\"auto, (max-width: 500px) 100vw, 500px\" \/><\/a><\/figure>\n<\/figure>\n<\/div>\n\n\n\n<div class=\"wp-block-column is-layout-flow wp-block-column-is-layout-flow\" style=\"flex-basis:80%\">\n<p>CD <strong>MUNDUBIRA MUSIKA BIDELAGUN<\/strong><br><em>Edited by:<\/em> Eusko Jaurlaritza, 2024.<br><em>Performers:<\/em> Euskadiko Orkestra.<\/p>\n<\/div>\n<\/div>\n\n\n\n<div class=\"wp-block-columns is-layout-flex wp-container-core-columns-is-layout-9d6595d7 wp-block-columns-is-layout-flex\">\n<div class=\"wp-block-column is-layout-flow wp-block-column-is-layout-flow\" style=\"flex-basis:20%\">\n<figure class=\"wp-block-gallery has-nested-images columns-default is-cropped wp-block-gallery-4 is-layout-flex wp-block-gallery-is-layout-flex\">\n<figure class=\"wp-block-image size-full\"><a href=\"https:\/\/teresacatalan.com\/wp-content\/uploads\/2025\/03\/disco_022.jpg\"><img loading=\"lazy\" decoding=\"async\" width=\"500\" height=\"500\" data-id=\"1415\" src=\"https:\/\/teresacatalan.com\/wp-content\/uploads\/2025\/03\/disco_022.jpg\" alt=\"\" class=\"wp-image-1415\" srcset=\"https:\/\/teresacatalan.com\/wp-content\/uploads\/2025\/03\/disco_022.jpg 500w, https:\/\/teresacatalan.com\/wp-content\/uploads\/2025\/03\/disco_022-300x300.jpg 300w, https:\/\/teresacatalan.com\/wp-content\/uploads\/2025\/03\/disco_022-150x150.jpg 150w, https:\/\/teresacatalan.com\/wp-content\/uploads\/2025\/03\/disco_022-370x370.jpg 370w\" sizes=\"auto, (max-width: 500px) 100vw, 500px\" \/><\/a><\/figure>\n<\/figure>\n<\/div>\n\n\n\n<div class=\"wp-block-column is-layout-flow wp-block-column-is-layout-flow\" style=\"flex-basis:80%\">\n<p>CD <strong>MIRRORS OF TIME<\/strong><br><em><em>Edited by<\/em>:<\/em> AliaVox, 2024.<br><em><em>Performers<\/em>:<\/em> Diego Fern\u00e1ndez Magdaleno (piano), Hesp\u00e8rion XXI, La Capella Reial de Catalunya, Jordi Savall.<br>Considered one of the ten best classical music albums of 2024.<\/p>\n\n\n\n<figure class=\"wp-block-image size-full is-resized\"><a href=\"https:\/\/open.spotify.com\/intl-es\/album\/3JFEatjG9bPOnUikolgLb7?si=IydqJMNvSqGoNxaNQ__S0g\" target=\"_blank\" rel=\"noreferrer noopener\"><img loading=\"lazy\" decoding=\"async\" width=\"458\" height=\"138\" src=\"https:\/\/teresacatalan.com\/wp-content\/uploads\/2020\/06\/spotify.png\" alt=\"\" class=\"wp-image-799\" style=\"width:115px\" srcset=\"https:\/\/teresacatalan.com\/wp-content\/uploads\/2020\/06\/spotify.png 458w, https:\/\/teresacatalan.com\/wp-content\/uploads\/2020\/06\/spotify-300x90.png 300w\" sizes=\"auto, (max-width: 458px) 100vw, 458px\" \/><\/a><\/figure>\n<\/div>\n<\/div>\n\n\n\n<div class=\"wp-block-columns is-layout-flex wp-container-core-columns-is-layout-9d6595d7 wp-block-columns-is-layout-flex\">\n<div class=\"wp-block-column is-layout-flow wp-block-column-is-layout-flow\" style=\"flex-basis:20%\">\n<figure class=\"wp-block-gallery has-nested-images columns-default is-cropped wp-block-gallery-5 is-layout-flex wp-block-gallery-is-layout-flex\">\n<figure class=\"wp-block-image size-large\"><a href=\"https:\/\/teresacatalan.com\/wp-content\/uploads\/2023\/04\/disco_020.jpg\"><img decoding=\"async\" src=\"https:\/\/teresacatalan.com\/wp-content\/uploads\/2023\/04\/disco_020.jpg\" alt=\"\"\/><\/a><\/figure>\n<\/figure>\n<\/div>\n\n\n\n<div class=\"wp-block-column is-layout-flow wp-block-column-is-layout-flow\" style=\"flex-basis:80%\">\n<p>CD <strong>APENAS UN ROCE<\/strong><br><em>Edited by:<\/em> Falla Ensemble, 2023.<br><em>Performers:<\/em> Falla Ensemble.<\/p>\n\n\n\n<figure class=\"wp-block-image size-full is-resized\"><a href=\"https:\/\/open.spotify.com\/album\/2TSJCjhUe2LAkdtRwtnriQ?si=vOih_AgoR5mXkHl4ZgbTSw\" target=\"_blank\" rel=\"noreferrer noopener\"><img loading=\"lazy\" decoding=\"async\" width=\"458\" height=\"138\" src=\"https:\/\/teresacatalan.com\/wp-content\/uploads\/2020\/06\/spotify.png\" alt=\"\" class=\"wp-image-799\" style=\"width:115px\" srcset=\"https:\/\/teresacatalan.com\/wp-content\/uploads\/2020\/06\/spotify.png 458w, https:\/\/teresacatalan.com\/wp-content\/uploads\/2020\/06\/spotify-300x90.png 300w\" sizes=\"auto, (max-width: 458px) 100vw, 458px\" \/><\/a><\/figure>\n<\/div>\n<\/div>\n\n\n\n<div class=\"wp-block-columns is-layout-flex wp-container-core-columns-is-layout-9d6595d7 wp-block-columns-is-layout-flex\">\n<div class=\"wp-block-column is-layout-flow wp-block-column-is-layout-flow\" style=\"flex-basis:20%\">\n<figure class=\"wp-block-image size-large\"><a href=\"https:\/\/teresacatalan.com\/wp-content\/uploads\/2022\/08\/disco_019.jpg\"><img decoding=\"async\" src=\"https:\/\/teresacatalan.com\/wp-content\/uploads\/2022\/08\/disco_019.jpg\" alt=\"\"\/><\/a><\/figure>\n<\/div>\n\n\n\n<div class=\"wp-block-column is-layout-flow wp-block-column-is-layout-flow\" style=\"flex-basis:80%\">\n<p>CD <strong>PAISAJES SONOROS<\/strong><br><em>Edited by:<\/em> Enrique Mateu and INEXART, 2022.<br><em>Performers:<\/em> D\u00fao Arcadia&nbsp; (Guitarras) (Pilar R\u00edus Fortea and Avelina Vidal Seara).<\/p>\n<\/div>\n<\/div>\n\n\n\n<div class=\"wp-block-columns is-layout-flex wp-container-core-columns-is-layout-9d6595d7 wp-block-columns-is-layout-flex\">\n<div class=\"wp-block-column is-layout-flow wp-block-column-is-layout-flow\" style=\"flex-basis:20%\">\n<figure class=\"wp-block-gallery has-nested-images columns-default is-cropped wp-block-gallery-6 is-layout-flex wp-block-gallery-is-layout-flex\">\n<figure class=\"wp-block-image size-large\"><a href=\"https:\/\/teresacatalan.com\/wp-content\/uploads\/2020\/06\/disco_017.jpg\"><img loading=\"lazy\" decoding=\"async\" width=\"500\" height=\"500\" data-id=\"347\" src=\"http:\/\/teresacatalan.com\/wp-content\/uploads\/2020\/06\/disco_017.jpg\" alt=\"\" class=\"wp-image-347\" srcset=\"https:\/\/teresacatalan.com\/wp-content\/uploads\/2020\/06\/disco_017.jpg 500w, https:\/\/teresacatalan.com\/wp-content\/uploads\/2020\/06\/disco_017-300x300.jpg 300w, https:\/\/teresacatalan.com\/wp-content\/uploads\/2020\/06\/disco_017-150x150.jpg 150w, https:\/\/teresacatalan.com\/wp-content\/uploads\/2020\/06\/disco_017-360x360.jpg 360w, https:\/\/teresacatalan.com\/wp-content\/uploads\/2020\/06\/disco_017-250x250.jpg 250w, https:\/\/teresacatalan.com\/wp-content\/uploads\/2020\/06\/disco_017-100x100.jpg 100w\" sizes=\"auto, (max-width: 500px) 100vw, 500px\" \/><\/a><\/figure>\n<\/figure>\n<\/div>\n\n\n\n<div class=\"wp-block-column is-layout-flow wp-block-column-is-layout-flow\" style=\"flex-basis:80%\">\n<p>CD <strong>TERESA CATAL\u00c1N PIANO WORKS<\/strong><br><em>Edited by:<\/em> ORPHEUS, 2020.<br><em>Performer:<\/em> Alfonso G\u00f3mez.<br>Recognized as a \u00abMel\u00f3mano de oro\u00bb by \u00abMel\u00f3mano\u00bb magazine.<\/p>\n\n\n\n<figure class=\"wp-block-image size-full is-resized\"><a href=\"https:\/\/open.spotify.com\/intl-es\/album\/3CGj6udt417Has45nLMxjJ?si=2RYgrR-FTBqXaWnPvQw9rA\" target=\"_blank\" rel=\"noreferrer noopener\"><img loading=\"lazy\" decoding=\"async\" width=\"458\" height=\"138\" src=\"https:\/\/teresacatalan.com\/wp-content\/uploads\/2020\/06\/spotify.png\" alt=\"\" class=\"wp-image-799\" style=\"width:115px\" srcset=\"https:\/\/teresacatalan.com\/wp-content\/uploads\/2020\/06\/spotify.png 458w, https:\/\/teresacatalan.com\/wp-content\/uploads\/2020\/06\/spotify-300x90.png 300w\" sizes=\"auto, (max-width: 458px) 100vw, 458px\" \/><\/a><\/figure>\n<\/div>\n<\/div>\n\n\n\n<div class=\"wp-block-columns is-layout-flex wp-container-core-columns-is-layout-9d6595d7 wp-block-columns-is-layout-flex\">\n<div class=\"wp-block-column is-layout-flow wp-block-column-is-layout-flow\" style=\"flex-basis:20%\">\n<figure class=\"wp-block-gallery has-nested-images columns-default is-cropped wp-block-gallery-7 is-layout-flex wp-block-gallery-is-layout-flex\">\n<figure class=\"wp-block-image size-large\"><a href=\"https:\/\/teresacatalan.com\/wp-content\/uploads\/2020\/06\/disco_016.jpg\"><img loading=\"lazy\" decoding=\"async\" width=\"500\" height=\"500\" data-id=\"346\" src=\"http:\/\/teresacatalan.com\/wp-content\/uploads\/2020\/06\/disco_016.jpg\" alt=\"\" class=\"wp-image-346\" srcset=\"https:\/\/teresacatalan.com\/wp-content\/uploads\/2020\/06\/disco_016.jpg 500w, https:\/\/teresacatalan.com\/wp-content\/uploads\/2020\/06\/disco_016-300x300.jpg 300w, https:\/\/teresacatalan.com\/wp-content\/uploads\/2020\/06\/disco_016-150x150.jpg 150w, https:\/\/teresacatalan.com\/wp-content\/uploads\/2020\/06\/disco_016-360x360.jpg 360w, https:\/\/teresacatalan.com\/wp-content\/uploads\/2020\/06\/disco_016-250x250.jpg 250w, https:\/\/teresacatalan.com\/wp-content\/uploads\/2020\/06\/disco_016-100x100.jpg 100w\" sizes=\"auto, (max-width: 500px) 100vw, 500px\" \/><\/a><\/figure>\n<\/figure>\n<\/div>\n\n\n\n<div class=\"wp-block-column is-layout-flow wp-block-column-is-layout-flow\" style=\"flex-basis:80%\">\n<p>CD <strong>LA ALHAMBRA INTERPRETADA<\/strong><br><em>Edited by<\/em>: Patronato de la Alhambra y Generalife. Consejer\u00eda de Cultura y Patrimonio Hist\u00f3rico, 2019.<br><em><em>Performers<\/em><\/em>: Cecilia Bercovich (violin), Cristina Montes (harp).<\/p>\n<\/div>\n<\/div>\n\n\n\n<div class=\"wp-block-columns is-layout-flex wp-container-core-columns-is-layout-9d6595d7 wp-block-columns-is-layout-flex\">\n<div class=\"wp-block-column is-layout-flow wp-block-column-is-layout-flow\" style=\"flex-basis:20%\">\n<figure class=\"wp-block-gallery has-nested-images columns-default is-cropped wp-block-gallery-8 is-layout-flex wp-block-gallery-is-layout-flex\">\n<figure class=\"wp-block-image size-large\"><a href=\"https:\/\/teresacatalan.com\/wp-content\/uploads\/2020\/06\/disco_016.jpg\"><img decoding=\"async\" src=\"https:\/\/teresacatalan.com\/wp-content\/uploads\/2022\/03\/disco_018.jpg\" alt=\"\"\/><\/a><\/figure>\n<\/figure>\n<\/div>\n\n\n\n<div class=\"wp-block-column is-layout-flow wp-block-column-is-layout-flow\" style=\"flex-basis:80%\">\n<p>CD <strong>12 MINIATURAS CONTUNDENTES PARA CUARTETO DE CUERDA<\/strong><br><em>Edited by<\/em>: Junta de Andaluc\u00eda en \u00abM\u00fasica oral del sur\u00bb, cuaderno n\u00ba 11, 2017.<br><em><em>Performers<\/em><\/em>: Cuarteto de cuerdas de La Habana.<\/p>\n<\/div>\n<\/div>\n\n\n\n<div class=\"wp-block-columns is-layout-flex wp-container-core-columns-is-layout-9d6595d7 wp-block-columns-is-layout-flex\">\n<div class=\"wp-block-column is-layout-flow wp-block-column-is-layout-flow\" style=\"flex-basis:20%\">\n<figure class=\"wp-block-gallery has-nested-images columns-default is-cropped wp-block-gallery-9 is-layout-flex wp-block-gallery-is-layout-flex\">\n<figure class=\"wp-block-image size-large\"><a href=\"https:\/\/teresacatalan.com\/wp-content\/uploads\/2020\/06\/disco_015.jpg\"><img loading=\"lazy\" decoding=\"async\" width=\"500\" height=\"500\" data-id=\"345\" src=\"http:\/\/teresacatalan.com\/wp-content\/uploads\/2020\/06\/disco_015.jpg\" alt=\"\" class=\"wp-image-345\" srcset=\"https:\/\/teresacatalan.com\/wp-content\/uploads\/2020\/06\/disco_015.jpg 500w, https:\/\/teresacatalan.com\/wp-content\/uploads\/2020\/06\/disco_015-300x300.jpg 300w, https:\/\/teresacatalan.com\/wp-content\/uploads\/2020\/06\/disco_015-150x150.jpg 150w, https:\/\/teresacatalan.com\/wp-content\/uploads\/2020\/06\/disco_015-360x360.jpg 360w, https:\/\/teresacatalan.com\/wp-content\/uploads\/2020\/06\/disco_015-250x250.jpg 250w, https:\/\/teresacatalan.com\/wp-content\/uploads\/2020\/06\/disco_015-100x100.jpg 100w\" sizes=\"auto, (max-width: 500px) 100vw, 500px\" \/><\/a><\/figure>\n<\/figure>\n<\/div>\n\n\n\n<div class=\"wp-block-column is-layout-flow wp-block-column-is-layout-flow\" style=\"flex-basis:80%\">\n<p>CD <strong>24 PRELUDIS PER A FR\u00c9D\u00c9RIC CHOPIN<\/strong><br><em>Edited by:<\/em> Produccions BLAU, 2017.<br><em><em>Performer<\/em><\/em>: Bartomeu Jaume.<\/p>\n\n\n\n<figure class=\"wp-block-image size-full is-resized\"><a href=\"https:\/\/open.spotify.com\/intl-es\/album\/3MEPqGKzI0xgcOsVgJSBkn?si=_Le0yVoYRlKt1BRl7BLaxA\" target=\"_blank\" rel=\"noreferrer noopener\"><img loading=\"lazy\" decoding=\"async\" width=\"458\" height=\"138\" src=\"https:\/\/teresacatalan.com\/wp-content\/uploads\/2020\/06\/spotify.png\" alt=\"\" class=\"wp-image-799\" style=\"width:115px\" srcset=\"https:\/\/teresacatalan.com\/wp-content\/uploads\/2020\/06\/spotify.png 458w, https:\/\/teresacatalan.com\/wp-content\/uploads\/2020\/06\/spotify-300x90.png 300w\" sizes=\"auto, (max-width: 458px) 100vw, 458px\" \/><\/a><\/figure>\n<\/div>\n<\/div>\n\n\n\n<div class=\"wp-block-columns is-layout-flex wp-container-core-columns-is-layout-9d6595d7 wp-block-columns-is-layout-flex\">\n<div class=\"wp-block-column is-layout-flow wp-block-column-is-layout-flow\" style=\"flex-basis:20%\">\n<figure class=\"wp-block-gallery has-nested-images columns-default is-cropped wp-block-gallery-10 is-layout-flex wp-block-gallery-is-layout-flex\">\n<figure class=\"wp-block-image size-large\"><a href=\"https:\/\/teresacatalan.com\/wp-content\/uploads\/2020\/06\/disco_014.jpg\"><img loading=\"lazy\" decoding=\"async\" width=\"500\" height=\"500\" data-id=\"344\" src=\"http:\/\/teresacatalan.com\/wp-content\/uploads\/2020\/06\/disco_014.jpg\" alt=\"\" class=\"wp-image-344\" srcset=\"https:\/\/teresacatalan.com\/wp-content\/uploads\/2020\/06\/disco_014.jpg 500w, https:\/\/teresacatalan.com\/wp-content\/uploads\/2020\/06\/disco_014-300x300.jpg 300w, https:\/\/teresacatalan.com\/wp-content\/uploads\/2020\/06\/disco_014-150x150.jpg 150w, https:\/\/teresacatalan.com\/wp-content\/uploads\/2020\/06\/disco_014-360x360.jpg 360w, https:\/\/teresacatalan.com\/wp-content\/uploads\/2020\/06\/disco_014-250x250.jpg 250w, https:\/\/teresacatalan.com\/wp-content\/uploads\/2020\/06\/disco_014-100x100.jpg 100w\" sizes=\"auto, (max-width: 500px) 100vw, 500px\" \/><\/a><\/figure>\n<\/figure>\n<\/div>\n\n\n\n<div class=\"wp-block-column is-layout-flow wp-block-column-is-layout-flow\" style=\"flex-basis:80%\">\n<p>CD <strong>ELLAS POR ELLAS<\/strong><br><em>Edited by<\/em>: Consejer\u00eda de Cultura de la Junta de Andaluc\u00eda. Centro de Documentaci\u00f3n Musical de Andaluc\u00eda, 2016.<br><em><em>Performers<\/em><\/em>: Orquesta de C\u00f3rdoba.<\/p>\n<\/div>\n<\/div>\n\n\n\n<div class=\"wp-block-columns is-layout-flex wp-container-core-columns-is-layout-9d6595d7 wp-block-columns-is-layout-flex\">\n<div class=\"wp-block-column is-layout-flow wp-block-column-is-layout-flow\" style=\"flex-basis:20%\">\n<figure class=\"wp-block-gallery has-nested-images columns-default is-cropped wp-block-gallery-11 is-layout-flex wp-block-gallery-is-layout-flex\">\n<figure class=\"wp-block-image size-large\"><a href=\"https:\/\/teresacatalan.com\/wp-content\/uploads\/2020\/06\/disco_013.jpg\"><img loading=\"lazy\" decoding=\"async\" width=\"500\" height=\"500\" data-id=\"343\" src=\"http:\/\/teresacatalan.com\/wp-content\/uploads\/2020\/06\/disco_013.jpg\" alt=\"\" class=\"wp-image-343\" srcset=\"https:\/\/teresacatalan.com\/wp-content\/uploads\/2020\/06\/disco_013.jpg 500w, https:\/\/teresacatalan.com\/wp-content\/uploads\/2020\/06\/disco_013-300x300.jpg 300w, https:\/\/teresacatalan.com\/wp-content\/uploads\/2020\/06\/disco_013-150x150.jpg 150w, https:\/\/teresacatalan.com\/wp-content\/uploads\/2020\/06\/disco_013-360x360.jpg 360w, https:\/\/teresacatalan.com\/wp-content\/uploads\/2020\/06\/disco_013-250x250.jpg 250w, https:\/\/teresacatalan.com\/wp-content\/uploads\/2020\/06\/disco_013-100x100.jpg 100w\" sizes=\"auto, (max-width: 500px) 100vw, 500px\" \/><\/a><\/figure>\n<\/figure>\n<\/div>\n\n\n\n<div class=\"wp-block-column is-layout-flow wp-block-column-is-layout-flow\" style=\"flex-basis:80%\">\n<p>CD <strong>PATRIMONIOS SONOROS DE HOY<\/strong><br>Edited by: ENS records &#8211; Fundaci\u00f3n BBVA, 2016.<br><em>Performers<\/em>: Ensemble Neoars Sonora.<\/p>\n<\/div>\n<\/div>\n\n\n\n<div class=\"wp-block-columns is-layout-flex wp-container-core-columns-is-layout-9d6595d7 wp-block-columns-is-layout-flex\">\n<div class=\"wp-block-column is-layout-flow wp-block-column-is-layout-flow\" style=\"flex-basis:20%\">\n<figure class=\"wp-block-gallery has-nested-images columns-default is-cropped wp-block-gallery-12 is-layout-flex wp-block-gallery-is-layout-flex\">\n<figure class=\"wp-block-image size-large\"><a href=\"https:\/\/teresacatalan.com\/wp-content\/uploads\/2020\/06\/disco_012.jpg\"><img loading=\"lazy\" decoding=\"async\" width=\"500\" height=\"500\" data-id=\"342\" src=\"http:\/\/teresacatalan.com\/wp-content\/uploads\/2020\/06\/disco_012.jpg\" alt=\"\" class=\"wp-image-342\" srcset=\"https:\/\/teresacatalan.com\/wp-content\/uploads\/2020\/06\/disco_012.jpg 500w, https:\/\/teresacatalan.com\/wp-content\/uploads\/2020\/06\/disco_012-300x300.jpg 300w, https:\/\/teresacatalan.com\/wp-content\/uploads\/2020\/06\/disco_012-150x150.jpg 150w, https:\/\/teresacatalan.com\/wp-content\/uploads\/2020\/06\/disco_012-360x360.jpg 360w, https:\/\/teresacatalan.com\/wp-content\/uploads\/2020\/06\/disco_012-250x250.jpg 250w, https:\/\/teresacatalan.com\/wp-content\/uploads\/2020\/06\/disco_012-100x100.jpg 100w\" sizes=\"auto, (max-width: 500px) 100vw, 500px\" \/><\/a><\/figure>\n<\/figure>\n<\/div>\n\n\n\n<div class=\"wp-block-column is-layout-flow wp-block-column-is-layout-flow\" style=\"flex-basis:80%\">\n<p>CD <strong>OBRAS PARA VIOL\u00cdN<\/strong><br><em>Edited by:<\/em> Consejer\u00eda de Cultura de la Junta de Andaluc\u00eda. Centro de Documentaci\u00f3n Musical de Andaluc\u00eda, 2016.<br><em><em>Performer<\/em><\/em>: Manuel Guill\u00e9n.<\/p>\n<\/div>\n<\/div>\n\n\n\n<div class=\"wp-block-columns is-layout-flex wp-container-core-columns-is-layout-9d6595d7 wp-block-columns-is-layout-flex\">\n<div class=\"wp-block-column is-layout-flow wp-block-column-is-layout-flow\" style=\"flex-basis:20%\">\n<figure class=\"wp-block-gallery has-nested-images columns-default is-cropped wp-block-gallery-13 is-layout-flex wp-block-gallery-is-layout-flex\">\n<figure class=\"wp-block-image size-large\"><a href=\"https:\/\/teresacatalan.com\/wp-content\/uploads\/2020\/06\/disco_011.jpg\"><img loading=\"lazy\" decoding=\"async\" width=\"500\" height=\"500\" data-id=\"341\" src=\"http:\/\/teresacatalan.com\/wp-content\/uploads\/2020\/06\/disco_011.jpg\" alt=\"\" class=\"wp-image-341\" srcset=\"https:\/\/teresacatalan.com\/wp-content\/uploads\/2020\/06\/disco_011.jpg 500w, https:\/\/teresacatalan.com\/wp-content\/uploads\/2020\/06\/disco_011-300x300.jpg 300w, https:\/\/teresacatalan.com\/wp-content\/uploads\/2020\/06\/disco_011-150x150.jpg 150w, https:\/\/teresacatalan.com\/wp-content\/uploads\/2020\/06\/disco_011-360x360.jpg 360w, https:\/\/teresacatalan.com\/wp-content\/uploads\/2020\/06\/disco_011-250x250.jpg 250w, https:\/\/teresacatalan.com\/wp-content\/uploads\/2020\/06\/disco_011-100x100.jpg 100w\" sizes=\"auto, (max-width: 500px) 100vw, 500px\" \/><\/a><\/figure>\n<\/figure>\n<\/div>\n\n\n\n<div class=\"wp-block-column is-layout-flow wp-block-column-is-layout-flow\" style=\"flex-basis:80%\">\n<p>CD<strong> OBRAS PARA CLAVEC\u00cdN<\/strong><br><em>Edited by<\/em>: Consejer\u00eda de Cultura de la Junta de Andaluc\u00eda. Centro de Documentaci\u00f3n Musical de Andaluc\u00eda, 2014.<br><em><em>Performer<\/em><\/em>: Mar\u00eda Teresa Chenlo.<\/p>\n<\/div>\n<\/div>\n\n\n\n<div class=\"wp-block-columns is-layout-flex wp-container-core-columns-is-layout-9d6595d7 wp-block-columns-is-layout-flex\">\n<div class=\"wp-block-column is-layout-flow wp-block-column-is-layout-flow\" style=\"flex-basis:20%\">\n<figure class=\"wp-block-gallery has-nested-images columns-default is-cropped wp-block-gallery-14 is-layout-flex wp-block-gallery-is-layout-flex\">\n<figure class=\"wp-block-image size-large\"><a href=\"https:\/\/teresacatalan.com\/wp-content\/uploads\/2020\/06\/disco_010.jpg\"><img loading=\"lazy\" decoding=\"async\" width=\"500\" height=\"500\" data-id=\"340\" src=\"http:\/\/teresacatalan.com\/wp-content\/uploads\/2020\/06\/disco_010.jpg\" alt=\"\" class=\"wp-image-340\" srcset=\"https:\/\/teresacatalan.com\/wp-content\/uploads\/2020\/06\/disco_010.jpg 500w, https:\/\/teresacatalan.com\/wp-content\/uploads\/2020\/06\/disco_010-300x300.jpg 300w, https:\/\/teresacatalan.com\/wp-content\/uploads\/2020\/06\/disco_010-150x150.jpg 150w, https:\/\/teresacatalan.com\/wp-content\/uploads\/2020\/06\/disco_010-360x360.jpg 360w, https:\/\/teresacatalan.com\/wp-content\/uploads\/2020\/06\/disco_010-250x250.jpg 250w, https:\/\/teresacatalan.com\/wp-content\/uploads\/2020\/06\/disco_010-100x100.jpg 100w\" sizes=\"auto, (max-width: 500px) 100vw, 500px\" \/><\/a><\/figure>\n<\/figure>\n<\/div>\n\n\n\n<div class=\"wp-block-column is-layout-flow wp-block-column-is-layout-flow\" style=\"flex-basis:80%\">\n<p>CD <strong>ESPARZAS, SUSURROS Y SUE\u00d1OS<\/strong><br><em>Edited by: <\/em>Consejer\u00eda de Cultura de la Junta de Andaluc\u00eda. Centro de Documentaci\u00f3n Musical de Andaluc\u00eda, 2012.<br><em><em>Performers<\/em>: <\/em>Cuarteto Play Four (Nan-Maro Babakhanian (mezzosoprano), Juan Enrique S\u00e1inz (cello), Antonio Serrada (violin), Jorge Robaina (piano).<\/p>\n<\/div>\n<\/div>\n\n\n\n<div class=\"wp-block-columns is-layout-flex wp-container-core-columns-is-layout-9d6595d7 wp-block-columns-is-layout-flex\">\n<div class=\"wp-block-column is-layout-flow wp-block-column-is-layout-flow\" style=\"flex-basis:20%\">\n<figure class=\"wp-block-gallery has-nested-images columns-default is-cropped wp-block-gallery-15 is-layout-flex wp-block-gallery-is-layout-flex\">\n<figure class=\"wp-block-image size-large\"><a href=\"https:\/\/teresacatalan.com\/wp-content\/uploads\/2020\/06\/disco_009.jpg\"><img loading=\"lazy\" decoding=\"async\" width=\"500\" height=\"500\" data-id=\"339\" src=\"http:\/\/teresacatalan.com\/wp-content\/uploads\/2020\/06\/disco_009.jpg\" alt=\"\" class=\"wp-image-339\" srcset=\"https:\/\/teresacatalan.com\/wp-content\/uploads\/2020\/06\/disco_009.jpg 500w, https:\/\/teresacatalan.com\/wp-content\/uploads\/2020\/06\/disco_009-300x300.jpg 300w, https:\/\/teresacatalan.com\/wp-content\/uploads\/2020\/06\/disco_009-150x150.jpg 150w, https:\/\/teresacatalan.com\/wp-content\/uploads\/2020\/06\/disco_009-360x360.jpg 360w, https:\/\/teresacatalan.com\/wp-content\/uploads\/2020\/06\/disco_009-250x250.jpg 250w, https:\/\/teresacatalan.com\/wp-content\/uploads\/2020\/06\/disco_009-100x100.jpg 100w\" sizes=\"auto, (max-width: 500px) 100vw, 500px\" \/><\/a><\/figure>\n<\/figure>\n<\/div>\n\n\n\n<div class=\"wp-block-column is-layout-flow wp-block-column-is-layout-flow\" style=\"flex-basis:80%\">\n<p>CD <strong>D\u00daOS PARA FLAUTA Y ARPA ESPA\u00d1OLES CONTEMPOR\u00c1NEOS<\/strong><br><em>Edited by:<\/em> <a rel=\"noreferrer noopener\" href=\"http:\/\/www.arlu.org\/\" target=\"_blank\">Asociaci\u00f3n Arpista Ludovico<\/a>, 2011.<br><em><em>Performers<\/em><\/em>: M\u00aa Rosa Calvo Manzano (harp), Vicente Mart\u00ednez (flute).<\/p>\n<\/div>\n<\/div>\n\n\n\n<div class=\"wp-block-columns is-layout-flex wp-container-core-columns-is-layout-9d6595d7 wp-block-columns-is-layout-flex\">\n<div class=\"wp-block-column is-layout-flow wp-block-column-is-layout-flow\" style=\"flex-basis:20%\">\n<figure class=\"wp-block-gallery has-nested-images columns-default is-cropped wp-block-gallery-16 is-layout-flex wp-block-gallery-is-layout-flex\">\n<figure class=\"wp-block-image size-large\"><a href=\"https:\/\/teresacatalan.com\/wp-content\/uploads\/2020\/06\/disco_008.jpg\"><img loading=\"lazy\" decoding=\"async\" width=\"500\" height=\"500\" data-id=\"338\" src=\"http:\/\/teresacatalan.com\/wp-content\/uploads\/2020\/06\/disco_008.jpg\" alt=\"\" class=\"wp-image-338\" srcset=\"https:\/\/teresacatalan.com\/wp-content\/uploads\/2020\/06\/disco_008.jpg 500w, https:\/\/teresacatalan.com\/wp-content\/uploads\/2020\/06\/disco_008-300x300.jpg 300w, https:\/\/teresacatalan.com\/wp-content\/uploads\/2020\/06\/disco_008-150x150.jpg 150w, https:\/\/teresacatalan.com\/wp-content\/uploads\/2020\/06\/disco_008-360x360.jpg 360w, https:\/\/teresacatalan.com\/wp-content\/uploads\/2020\/06\/disco_008-250x250.jpg 250w, https:\/\/teresacatalan.com\/wp-content\/uploads\/2020\/06\/disco_008-100x100.jpg 100w\" sizes=\"auto, (max-width: 500px) 100vw, 500px\" \/><\/a><\/figure>\n<\/figure>\n<\/div>\n\n\n\n<div class=\"wp-block-column is-layout-flow wp-block-column-is-layout-flow\" style=\"flex-basis:80%\">\n<p>CD <strong>FLAUTA Y MARIMBA<\/strong><br>Documentos Sonoros del Patrimonio Musical de Andaluc\u00eda.<br><em>Edited by<\/em>: Consejer\u00eda de Cultura de la Junta de Andaluc\u00eda. Centro de Documentaci\u00f3n Musical de Andaluc\u00eda, 2010.<br><em><em>Performers<\/em>: <\/em>Antonio Arias (flute), Estela Bl\u00e1zquez (marimba).<\/p>\n<\/div>\n<\/div>\n\n\n\n<div class=\"wp-block-columns is-layout-flex wp-container-core-columns-is-layout-9d6595d7 wp-block-columns-is-layout-flex\">\n<div class=\"wp-block-column is-layout-flow wp-block-column-is-layout-flow\" style=\"flex-basis:20%\">\n<figure class=\"wp-block-gallery has-nested-images columns-default is-cropped wp-block-gallery-17 is-layout-flex wp-block-gallery-is-layout-flex\">\n<figure class=\"wp-block-image size-large\"><a href=\"https:\/\/teresacatalan.com\/wp-content\/uploads\/2020\/06\/disco_007.jpg\"><img loading=\"lazy\" decoding=\"async\" width=\"500\" height=\"500\" data-id=\"337\" src=\"http:\/\/teresacatalan.com\/wp-content\/uploads\/2020\/06\/disco_007.jpg\" alt=\"\" class=\"wp-image-337\" srcset=\"https:\/\/teresacatalan.com\/wp-content\/uploads\/2020\/06\/disco_007.jpg 500w, https:\/\/teresacatalan.com\/wp-content\/uploads\/2020\/06\/disco_007-300x300.jpg 300w, https:\/\/teresacatalan.com\/wp-content\/uploads\/2020\/06\/disco_007-150x150.jpg 150w, https:\/\/teresacatalan.com\/wp-content\/uploads\/2020\/06\/disco_007-360x360.jpg 360w, https:\/\/teresacatalan.com\/wp-content\/uploads\/2020\/06\/disco_007-250x250.jpg 250w, https:\/\/teresacatalan.com\/wp-content\/uploads\/2020\/06\/disco_007-100x100.jpg 100w\" sizes=\"auto, (max-width: 500px) 100vw, 500px\" \/><\/a><\/figure>\n<\/figure>\n<\/div>\n\n\n\n<div class=\"wp-block-column is-layout-flow wp-block-column-is-layout-flow\" style=\"flex-basis:80%\">\n<p>CD <strong>F\u00c9MINA CL\u00c1SICA 2008<\/strong> (10 compositoras, 10 obras)<br><em>Edited by<\/em>: SGAE, 2008.<br><em><em>Performers<\/em>:<\/em> M\u00f3nica Raga (flute), Beatriz Mill\u00e1n (harp).<\/p>\n<\/div>\n<\/div>\n\n\n\n<div class=\"wp-block-columns is-layout-flex wp-container-core-columns-is-layout-9d6595d7 wp-block-columns-is-layout-flex\">\n<div class=\"wp-block-column is-layout-flow wp-block-column-is-layout-flow\" style=\"flex-basis:20%\">\n<figure class=\"wp-block-gallery has-nested-images columns-default is-cropped wp-block-gallery-18 is-layout-flex wp-block-gallery-is-layout-flex\">\n<figure class=\"wp-block-image size-large\"><a href=\"https:\/\/teresacatalan.com\/wp-content\/uploads\/2020\/06\/disco_006.jpg\"><img loading=\"lazy\" decoding=\"async\" width=\"500\" height=\"500\" data-id=\"336\" src=\"http:\/\/teresacatalan.com\/wp-content\/uploads\/2020\/06\/disco_006.jpg\" alt=\"\" class=\"wp-image-336\" srcset=\"https:\/\/teresacatalan.com\/wp-content\/uploads\/2020\/06\/disco_006.jpg 500w, https:\/\/teresacatalan.com\/wp-content\/uploads\/2020\/06\/disco_006-300x300.jpg 300w, https:\/\/teresacatalan.com\/wp-content\/uploads\/2020\/06\/disco_006-150x150.jpg 150w, https:\/\/teresacatalan.com\/wp-content\/uploads\/2020\/06\/disco_006-360x360.jpg 360w, https:\/\/teresacatalan.com\/wp-content\/uploads\/2020\/06\/disco_006-250x250.jpg 250w, https:\/\/teresacatalan.com\/wp-content\/uploads\/2020\/06\/disco_006-100x100.jpg 100w\" sizes=\"auto, (max-width: 500px) 100vw, 500px\" \/><\/a><\/figure>\n<\/figure>\n<\/div>\n\n\n\n<div class=\"wp-block-column is-layout-flow wp-block-column-is-layout-flow\" style=\"flex-basis:80%\">\n<p>CD <strong>HOMENAJE A MANUEL CASTILLO. EPITAFIO. GLOSA EN TONO DE RE, (para orquesta sinf\u00f3nica)<\/strong><br><em>Edited by: <\/em>Consejer\u00eda de Cultura de la Junta de Andaluc\u00eda.<br>Colecci\u00f3n \u00abDocumentos sonoros del patrimonio musical de Andaluc\u00eda\u00bb, Serie Cl\u00e1sica, 1, 2007.<br><em><em>Performer<\/em><\/em>s<em>: <\/em>Orquesta de C\u00f3rdoba. Juan Luis P\u00e9rez (conductor).<\/p>\n<\/div>\n<\/div>\n\n\n\n<div class=\"wp-block-columns is-layout-flex wp-container-core-columns-is-layout-9d6595d7 wp-block-columns-is-layout-flex\">\n<div class=\"wp-block-column is-layout-flow wp-block-column-is-layout-flow\" style=\"flex-basis:20%\">\n<figure class=\"wp-block-gallery has-nested-images columns-default is-cropped wp-block-gallery-19 is-layout-flex wp-block-gallery-is-layout-flex\">\n<figure class=\"wp-block-image size-large\"><a href=\"https:\/\/teresacatalan.com\/wp-content\/uploads\/2020\/06\/disco_005.jpg\"><img loading=\"lazy\" decoding=\"async\" width=\"500\" height=\"500\" data-id=\"335\" src=\"http:\/\/teresacatalan.com\/wp-content\/uploads\/2020\/06\/disco_005.jpg\" alt=\"\" class=\"wp-image-335\" srcset=\"https:\/\/teresacatalan.com\/wp-content\/uploads\/2020\/06\/disco_005.jpg 500w, https:\/\/teresacatalan.com\/wp-content\/uploads\/2020\/06\/disco_005-300x300.jpg 300w, https:\/\/teresacatalan.com\/wp-content\/uploads\/2020\/06\/disco_005-150x150.jpg 150w, https:\/\/teresacatalan.com\/wp-content\/uploads\/2020\/06\/disco_005-360x360.jpg 360w, https:\/\/teresacatalan.com\/wp-content\/uploads\/2020\/06\/disco_005-250x250.jpg 250w, https:\/\/teresacatalan.com\/wp-content\/uploads\/2020\/06\/disco_005-100x100.jpg 100w\" sizes=\"auto, (max-width: 500px) 100vw, 500px\" \/><\/a><\/figure>\n<\/figure>\n<\/div>\n\n\n\n<div class=\"wp-block-column is-layout-flow wp-block-column-is-layout-flow\" style=\"flex-basis:80%\">\n<p>CD <strong>TERESA CATAL\u00c1N. OBRA DE C\u00c1MARA<\/strong> (monogr\u00e1fico)<br><em>Edited by:<\/em> Fundaci\u00f3n Ars Inc\u00f3gnita, 2003.<br><em><em>Performers<\/em>:<\/em> Estrella Est\u00e9vez (soprano), Jos\u00e9 M\u00aa S\u00e1ez Ferriz (flute), Bartomeu Jaume (piano).<\/p>\n<\/div>\n<\/div>\n\n\n\n<div class=\"wp-block-columns is-layout-flex wp-container-core-columns-is-layout-9d6595d7 wp-block-columns-is-layout-flex\">\n<div class=\"wp-block-column is-layout-flow wp-block-column-is-layout-flow\" style=\"flex-basis:20%\">\n<figure class=\"wp-block-gallery has-nested-images columns-default is-cropped wp-block-gallery-20 is-layout-flex wp-block-gallery-is-layout-flex\">\n<figure class=\"wp-block-image size-large\"><a href=\"https:\/\/teresacatalan.com\/wp-content\/uploads\/2020\/06\/disco_004.jpg\"><img loading=\"lazy\" decoding=\"async\" width=\"500\" height=\"500\" data-id=\"334\" src=\"http:\/\/teresacatalan.com\/wp-content\/uploads\/2020\/06\/disco_004.jpg\" alt=\"\" class=\"wp-image-334\" srcset=\"https:\/\/teresacatalan.com\/wp-content\/uploads\/2020\/06\/disco_004.jpg 500w, https:\/\/teresacatalan.com\/wp-content\/uploads\/2020\/06\/disco_004-300x300.jpg 300w, https:\/\/teresacatalan.com\/wp-content\/uploads\/2020\/06\/disco_004-150x150.jpg 150w, https:\/\/teresacatalan.com\/wp-content\/uploads\/2020\/06\/disco_004-360x360.jpg 360w, https:\/\/teresacatalan.com\/wp-content\/uploads\/2020\/06\/disco_004-250x250.jpg 250w, https:\/\/teresacatalan.com\/wp-content\/uploads\/2020\/06\/disco_004-100x100.jpg 100w\" sizes=\"auto, (max-width: 500px) 100vw, 500px\" \/><\/a><\/figure>\n<\/figure>\n<\/div>\n\n\n\n<div class=\"wp-block-column is-layout-flow wp-block-column-is-layout-flow\" style=\"flex-basis:80%\">\n<p>CD<strong> ESTOL DEL MASTER II<\/strong><br><em>Edited by<\/em>: Institut Universitari de Creativitat i Innnovacions Educatives. Universitat de Valencia.<br><em><em>Performers<\/em>:<\/em> Isabel Agud (guitar), Estrella Est\u00e9vez (soprano), Bertomeu Jaume (piano).<\/p>\n<\/div>\n<\/div>\n\n\n\n<div class=\"wp-block-columns is-layout-flex wp-container-core-columns-is-layout-9d6595d7 wp-block-columns-is-layout-flex\">\n<div class=\"wp-block-column is-layout-flow wp-block-column-is-layout-flow\" style=\"flex-basis:20%\">\n<figure class=\"wp-block-gallery has-nested-images columns-default is-cropped wp-block-gallery-21 is-layout-flex wp-block-gallery-is-layout-flex\">\n<figure class=\"wp-block-image size-large\"><a href=\"https:\/\/teresacatalan.com\/wp-content\/uploads\/2020\/06\/disco_003.jpg\"><img loading=\"lazy\" decoding=\"async\" width=\"500\" height=\"500\" data-id=\"333\" src=\"http:\/\/teresacatalan.com\/wp-content\/uploads\/2020\/06\/disco_003.jpg\" alt=\"\" class=\"wp-image-333\" srcset=\"https:\/\/teresacatalan.com\/wp-content\/uploads\/2020\/06\/disco_003.jpg 500w, https:\/\/teresacatalan.com\/wp-content\/uploads\/2020\/06\/disco_003-300x300.jpg 300w, https:\/\/teresacatalan.com\/wp-content\/uploads\/2020\/06\/disco_003-150x150.jpg 150w, https:\/\/teresacatalan.com\/wp-content\/uploads\/2020\/06\/disco_003-360x360.jpg 360w, https:\/\/teresacatalan.com\/wp-content\/uploads\/2020\/06\/disco_003-250x250.jpg 250w, https:\/\/teresacatalan.com\/wp-content\/uploads\/2020\/06\/disco_003-100x100.jpg 100w\" sizes=\"auto, (max-width: 500px) 100vw, 500px\" \/><\/a><\/figure>\n<\/figure>\n<\/div>\n\n\n\n<div class=\"wp-block-column is-layout-flow wp-block-column-is-layout-flow\" style=\"flex-basis:80%\">\n<p>CD <strong>GRUPO DE PAMPLONA MUSIKAGILLEAK\/ GRUPO DE PAMPLONA DE COMPOSITORES<\/strong><br><em>Edited by<\/em>: Fundaci\u00f3n Ars Inc\u00f3gnita, 1997.<br><em><em>Performers<\/em><\/em>: Eugenia Echarren (soprano), Rosalina Caball\u00edn (piano).<\/p>\n<\/div>\n<\/div>\n\n\n\n<div class=\"wp-block-columns is-layout-flex wp-container-core-columns-is-layout-9d6595d7 wp-block-columns-is-layout-flex\">\n<div class=\"wp-block-column is-layout-flow wp-block-column-is-layout-flow\" style=\"flex-basis:20%\">\n<figure class=\"wp-block-gallery has-nested-images columns-default is-cropped wp-block-gallery-22 is-layout-flex wp-block-gallery-is-layout-flex\">\n<figure class=\"wp-block-image size-large\"><a href=\"https:\/\/teresacatalan.com\/wp-content\/uploads\/2020\/06\/disco_002.jpg\"><img loading=\"lazy\" decoding=\"async\" width=\"500\" height=\"500\" data-id=\"332\" src=\"http:\/\/teresacatalan.com\/wp-content\/uploads\/2020\/06\/disco_002.jpg\" alt=\"\" class=\"wp-image-332\" srcset=\"https:\/\/teresacatalan.com\/wp-content\/uploads\/2020\/06\/disco_002.jpg 500w, https:\/\/teresacatalan.com\/wp-content\/uploads\/2020\/06\/disco_002-300x300.jpg 300w, https:\/\/teresacatalan.com\/wp-content\/uploads\/2020\/06\/disco_002-150x150.jpg 150w, https:\/\/teresacatalan.com\/wp-content\/uploads\/2020\/06\/disco_002-360x360.jpg 360w, https:\/\/teresacatalan.com\/wp-content\/uploads\/2020\/06\/disco_002-250x250.jpg 250w, https:\/\/teresacatalan.com\/wp-content\/uploads\/2020\/06\/disco_002-100x100.jpg 100w\" sizes=\"auto, (max-width: 500px) 100vw, 500px\" \/><\/a><\/figure>\n<\/figure>\n<\/div>\n\n\n\n<div class=\"wp-block-column is-layout-flow wp-block-column-is-layout-flow\" style=\"flex-basis:80%\">\n<p>CD <strong>HOMMAGE<\/strong><br><em>Edited by<\/em>: Radio Magiar de Budapest (Hungr\u00eda),&nbsp;1996.<br><em><em>Performer<\/em><\/em>: Koller Zuszsa (piano).<\/p>\n<\/div>\n<\/div>\n\n\n\n<div class=\"wp-block-columns is-layout-flex wp-container-core-columns-is-layout-9d6595d7 wp-block-columns-is-layout-flex\">\n<div class=\"wp-block-column is-layout-flow wp-block-column-is-layout-flow\" style=\"flex-basis:20%\">\n<figure class=\"wp-block-gallery has-nested-images columns-default is-cropped wp-block-gallery-23 is-layout-flex wp-block-gallery-is-layout-flex\">\n<figure class=\"wp-block-image size-large\"><a href=\"https:\/\/teresacatalan.com\/wp-content\/uploads\/2020\/06\/disco_001.jpg\"><img loading=\"lazy\" decoding=\"async\" width=\"500\" height=\"500\" data-id=\"331\" src=\"http:\/\/teresacatalan.com\/wp-content\/uploads\/2020\/06\/disco_001.jpg\" alt=\"\" class=\"wp-image-331\" srcset=\"https:\/\/teresacatalan.com\/wp-content\/uploads\/2020\/06\/disco_001.jpg 500w, https:\/\/teresacatalan.com\/wp-content\/uploads\/2020\/06\/disco_001-300x300.jpg 300w, https:\/\/teresacatalan.com\/wp-content\/uploads\/2020\/06\/disco_001-150x150.jpg 150w, https:\/\/teresacatalan.com\/wp-content\/uploads\/2020\/06\/disco_001-360x360.jpg 360w, https:\/\/teresacatalan.com\/wp-content\/uploads\/2020\/06\/disco_001-250x250.jpg 250w, https:\/\/teresacatalan.com\/wp-content\/uploads\/2020\/06\/disco_001-100x100.jpg 100w\" sizes=\"auto, (max-width: 500px) 100vw, 500px\" \/><\/a><\/figure>\n<\/figure>\n<\/div>\n\n\n\n<div class=\"wp-block-column is-layout-flow wp-block-column-is-layout-flow\" style=\"flex-basis:80%\">\n<p>CD <strong>LAS MUJERES Y LA M\u00daSICA<\/strong><br><em>Edited by<\/em>: \u00abRNE, RTV MUSICA\u00bb, 1990.<br><em>Performer<\/em>: Susana Mar\u00edn (piano).<\/p>\n<\/div>\n<\/div>\n\n\n\n<p><\/p>\n","protected":false},"excerpt":{"rendered":"<p>CD ALAS DE MUJER &#8211; COMPOSITORAS ESPA\u00d1OLASEdited by: J. Monteverde. Estudios Cezanne, 2025.Performer: M\u00aa Teresa Chenlo, Clave y piano. CD FR\u00c9D\u00c9RIC CHOPIN. Mallorca PreludesEdited by: Challenge Classics (Netherlands), 2025.Performer: Egl\u0117 Andrejevait\u0117 (piano). CD MUNDUBIRA MUSIKA[&#8230;]<\/p>\n","protected":false},"author":1,"featured_media":0,"parent":0,"menu_order":0,"comment_status":"closed","ping_status":"closed","template":"","meta":{"ngg_post_thumbnail":0,"footnotes":""},"class_list":["post-1135","page","type-page","status-publish","hentry"],"_links":{"self":[{"href":"https:\/\/teresacatalan.com\/index.php?rest_route=\/wp\/v2\/pages\/1135","targetHints":{"allow":["GET"]}}],"collection":[{"href":"https:\/\/teresacatalan.com\/index.php?rest_route=\/wp\/v2\/pages"}],"about":[{"href":"https:\/\/teresacatalan.com\/index.php?rest_route=\/wp\/v2\/types\/page"}],"author":[{"embeddable":true,"href":"https:\/\/teresacatalan.com\/index.php?rest_route=\/wp\/v2\/users\/1"}],"replies":[{"embeddable":true,"href":"https:\/\/teresacatalan.com\/index.php?rest_route=%2Fwp%2Fv2%2Fcomments&post=1135"}],"version-history":[{"count":17,"href":"https:\/\/teresacatalan.com\/index.php?rest_route=\/wp\/v2\/pages\/1135\/revisions"}],"predecessor-version":[{"id":1900,"href":"https:\/\/teresacatalan.com\/index.php?rest_route=\/wp\/v2\/pages\/1135\/revisions\/1900"}],"wp:attachment":[{"href":"https:\/\/teresacatalan.com\/index.php?rest_route=%2Fwp%2Fv2%2Fmedia&parent=1135"}],"curies":[{"name":"wp","href":"https:\/\/api.w.org\/{rel}","templated":true}]}}