{"id":610,"date":"2020-06-08T21:16:22","date_gmt":"2020-06-08T19:16:22","guid":{"rendered":"http:\/\/teresacatalan.com\/?page_id=610"},"modified":"2025-03-25T14:10:47","modified_gmt":"2025-03-25T12:10:47","slug":"libros","status":"publish","type":"page","link":"https:\/\/teresacatalan.com\/?page_id=610","title":{"rendered":"Libros"},"content":{"rendered":"\n<details class=\"wp-block-details is-layout-flow wp-block-details-is-layout-flow\"><summary>Libros<\/summary>\n<p><\/p>\n\n\n\n<div class=\"wp-block-columns is-layout-flex wp-container-core-columns-is-layout-9d6595d7 wp-block-columns-is-layout-flex\">\n<div class=\"wp-block-column is-layout-flow wp-block-column-is-layout-flow\" style=\"flex-basis:20%\">\n<figure class=\"wp-block-gallery has-nested-images columns-default is-cropped wp-block-gallery-1 is-layout-flex wp-block-gallery-is-layout-flex\">\n<figure class=\"wp-block-image size-large\"><a href=\"https:\/\/teresacatalan.com\/wp-content\/uploads\/2020\/06\/libro_A004.jpg\"><img loading=\"lazy\" decoding=\"async\" width=\"450\" height=\"600\" data-id=\"351\" src=\"http:\/\/teresacatalan.com\/wp-content\/uploads\/2020\/06\/libro_A004.jpg\" alt=\"\" class=\"wp-image-351\" srcset=\"https:\/\/teresacatalan.com\/wp-content\/uploads\/2020\/06\/libro_A004.jpg 450w, https:\/\/teresacatalan.com\/wp-content\/uploads\/2020\/06\/libro_A004-225x300.jpg 225w, https:\/\/teresacatalan.com\/wp-content\/uploads\/2020\/06\/libro_A004-360x480.jpg 360w, https:\/\/teresacatalan.com\/wp-content\/uploads\/2020\/06\/libro_A004-250x333.jpg 250w, https:\/\/teresacatalan.com\/wp-content\/uploads\/2020\/06\/libro_A004-100x133.jpg 100w\" sizes=\"auto, (max-width: 450px) 100vw, 450px\" \/><\/a><\/figure>\n<\/figure>\n<\/div>\n\n\n\n<div class=\"wp-block-column is-layout-flow wp-block-column-is-layout-flow\" style=\"flex-basis:80%\">\n<p><strong>M\u00daSICA Y FUTURO<\/strong><br>Universidad P\u00fablica de Navarra\/Nafarroako Unibertsitate Publikoa, 2018. Dep\u00f3sito Legal: NA 2166-2018.<\/p>\n<\/div>\n<\/div>\n\n\n\n<div class=\"wp-block-columns is-layout-flex wp-container-core-columns-is-layout-9d6595d7 wp-block-columns-is-layout-flex\">\n<div class=\"wp-block-column is-layout-flow wp-block-column-is-layout-flow\" style=\"flex-basis:20%\">\n<figure class=\"wp-block-gallery has-nested-images columns-default is-cropped wp-block-gallery-2 is-layout-flex wp-block-gallery-is-layout-flex\">\n<figure class=\"wp-block-image size-large\"><a href=\"https:\/\/teresacatalan.com\/wp-content\/uploads\/2020\/06\/libro_A003.jpg\"><img loading=\"lazy\" decoding=\"async\" width=\"450\" height=\"600\" data-id=\"350\" src=\"http:\/\/teresacatalan.com\/wp-content\/uploads\/2020\/06\/libro_A003.jpg\" alt=\"\" class=\"wp-image-350\" srcset=\"https:\/\/teresacatalan.com\/wp-content\/uploads\/2020\/06\/libro_A003.jpg 450w, https:\/\/teresacatalan.com\/wp-content\/uploads\/2020\/06\/libro_A003-225x300.jpg 225w, https:\/\/teresacatalan.com\/wp-content\/uploads\/2020\/06\/libro_A003-360x480.jpg 360w, https:\/\/teresacatalan.com\/wp-content\/uploads\/2020\/06\/libro_A003-250x333.jpg 250w, https:\/\/teresacatalan.com\/wp-content\/uploads\/2020\/06\/libro_A003-100x133.jpg 100w\" sizes=\"auto, (max-width: 450px) 100vw, 450px\" \/><\/a><\/figure>\n<\/figure>\n<\/div>\n\n\n\n<div class=\"wp-block-column is-layout-flow wp-block-column-is-layout-flow\" style=\"flex-basis:80%\">\n<p><strong>SISTEMAS COMPOSITIVOS TEMPERADOS EN EL SIGLO XX<\/strong><br>Instituci\u00f3 Alfons el Magn\u00e1nim. Colecci\u00f3n Compendium Musicae. Segunda Edici\u00f3n. Valencia, 2012. ISBN.: 978-84-7822-628-3.<br><em>En portada<\/em>: Elkarrekin, \u00f3leo sobre lienzo de Javier Sagard\u00eda.<br><em>Distribuido por<\/em>: <a rel=\"noreferrer noopener\" href=\"http:\/\/www.sendramarco.com\/\" target=\"_blank\">Sendra Marco distribuci\u00f3 d&#8217;Edicions<\/a>.<\/p>\n<\/div>\n<\/div>\n\n\n\n<div class=\"wp-block-columns is-layout-flex wp-container-core-columns-is-layout-9d6595d7 wp-block-columns-is-layout-flex\">\n<div class=\"wp-block-column is-layout-flow wp-block-column-is-layout-flow\" style=\"flex-basis:20%\">\n<figure class=\"wp-block-gallery has-nested-images columns-default is-cropped wp-block-gallery-3 is-layout-flex wp-block-gallery-is-layout-flex\">\n<figure class=\"wp-block-image size-large\"><a href=\"https:\/\/teresacatalan.com\/wp-content\/uploads\/2020\/06\/libro_A002.jpg\"><img loading=\"lazy\" decoding=\"async\" width=\"450\" height=\"600\" data-id=\"349\" src=\"http:\/\/teresacatalan.com\/wp-content\/uploads\/2020\/06\/libro_A002.jpg\" alt=\"\" class=\"wp-image-349\" srcset=\"https:\/\/teresacatalan.com\/wp-content\/uploads\/2020\/06\/libro_A002.jpg 450w, https:\/\/teresacatalan.com\/wp-content\/uploads\/2020\/06\/libro_A002-225x300.jpg 225w, https:\/\/teresacatalan.com\/wp-content\/uploads\/2020\/06\/libro_A002-360x480.jpg 360w, https:\/\/teresacatalan.com\/wp-content\/uploads\/2020\/06\/libro_A002-250x333.jpg 250w, https:\/\/teresacatalan.com\/wp-content\/uploads\/2020\/06\/libro_A002-100x133.jpg 100w\" sizes=\"auto, (max-width: 450px) 100vw, 450px\" \/><\/a><\/figure>\n<\/figure>\n<\/div>\n\n\n\n<div class=\"wp-block-column is-layout-flow wp-block-column-is-layout-flow\" style=\"flex-basis:80%\">\n<p><strong>M\u00daSICA NO TONAL. LAS PROPUESTAS DE J. FALK Y E. KRENEK<\/strong><br>Teresa Catal\u00e1n, Carme Fern\u00e1ndez Vidal.<br>Universidad de Valencia, Servicio de Publicaciones. Valencia, 2012<br>ISBN: 978-84-370-8133-5.<\/p>\n<\/div>\n<\/div>\n\n\n\n<div class=\"wp-block-columns is-layout-flex wp-container-core-columns-is-layout-9d6595d7 wp-block-columns-is-layout-flex\">\n<div class=\"wp-block-column is-layout-flow wp-block-column-is-layout-flow\" style=\"flex-basis:20%\">\n<figure class=\"wp-block-gallery has-nested-images columns-default is-cropped wp-block-gallery-4 is-layout-flex wp-block-gallery-is-layout-flex\">\n<figure class=\"wp-block-image size-large\"><a href=\"https:\/\/teresacatalan.com\/wp-content\/uploads\/2020\/06\/libro_A001.jpg\"><img loading=\"lazy\" decoding=\"async\" width=\"450\" height=\"600\" data-id=\"348\" src=\"http:\/\/teresacatalan.com\/wp-content\/uploads\/2020\/06\/libro_A001.jpg\" alt=\"\" class=\"wp-image-348\" srcset=\"https:\/\/teresacatalan.com\/wp-content\/uploads\/2020\/06\/libro_A001.jpg 450w, https:\/\/teresacatalan.com\/wp-content\/uploads\/2020\/06\/libro_A001-225x300.jpg 225w, https:\/\/teresacatalan.com\/wp-content\/uploads\/2020\/06\/libro_A001-360x480.jpg 360w, https:\/\/teresacatalan.com\/wp-content\/uploads\/2020\/06\/libro_A001-250x333.jpg 250w, https:\/\/teresacatalan.com\/wp-content\/uploads\/2020\/06\/libro_A001-100x133.jpg 100w\" sizes=\"auto, (max-width: 450px) 100vw, 450px\" \/><\/a><\/figure>\n<\/figure>\n<\/div>\n\n\n\n<div class=\"wp-block-column is-layout-flow wp-block-column-is-layout-flow\" style=\"flex-basis:80%\">\n<p><strong>SISTEMAS COMPOSITIVOS TEMPERADOS EN EL SIGLO XX<\/strong><br>Instituci\u00f3 Alfons el Magn\u00e1nim. Colecci\u00f3n Compendium Musicae. Valencia, 2003. ISBN.: 84-7822-400-9.<br><em>En portada:<\/em> Elkarrekin, \u00f3leo sobre lienzo de Javier Sagard\u00eda.<\/p>\n<\/div>\n<\/div>\n\n\n\n<p><\/p>\n<\/details>\n\n\n\n<details class=\"wp-block-details is-layout-flow wp-block-details-is-layout-flow\"><summary>Colaboraciones en obras colectivas<\/summary>\n<div class=\"wp-block-columns is-layout-flex wp-container-core-columns-is-layout-9d6595d7 wp-block-columns-is-layout-flex\">\n<div class=\"wp-block-column is-layout-flow wp-block-column-is-layout-flow\" style=\"flex-basis:20%\">\n<figure class=\"wp-block-gallery has-nested-images columns-default is-cropped wp-block-gallery-5 is-layout-flex wp-block-gallery-is-layout-flex\">\n<figure class=\"wp-block-image size-full\"><a href=\"https:\/\/teresacatalan.com\/wp-content\/uploads\/2022\/08\/libro_B016.jpg\"><img loading=\"lazy\" decoding=\"async\" width=\"450\" height=\"600\" data-id=\"1295\" src=\"https:\/\/teresacatalan.com\/wp-content\/uploads\/2022\/08\/libro_B016.jpg\" alt=\"\" class=\"wp-image-1295\" srcset=\"https:\/\/teresacatalan.com\/wp-content\/uploads\/2022\/08\/libro_B016.jpg 450w, https:\/\/teresacatalan.com\/wp-content\/uploads\/2022\/08\/libro_B016-225x300.jpg 225w, https:\/\/teresacatalan.com\/wp-content\/uploads\/2022\/08\/libro_B016-370x493.jpg 370w\" sizes=\"auto, (max-width: 450px) 100vw, 450px\" \/><\/a><\/figure>\n<\/figure>\n<\/div>\n\n\n\n<div class=\"wp-block-column is-layout-flow wp-block-column-is-layout-flow\" style=\"flex-basis:80%\">\n<p><strong>\u00bfINVESTIGAR O CREAR DESDE UN CONSERVATORIO?<\/strong><br><em>Publicado en<\/em>: Actas del I congreso internacional de investigaci\u00f3n y creaci\u00f3n en ense\u00f1anzas art\u00edstica superiores de la Comunidad de Madrid.<br><em>Editado por<\/em>: Consejer\u00eda de Educaci\u00f3n y Universidades. Vicepresidencia.<br>Madrid, 2022.<br>ISBN: 978-84-451-3993-6.<\/p>\n\n\n\n<figure class=\"wp-block-image size-full is-resized\"><a href=\"https:\/\/gestiona3.madrid.org\/bvirtual\/BVCM050658.pdf\" target=\"_blank\" rel=\"noreferrer noopener\"><img loading=\"lazy\" decoding=\"async\" width=\"779\" height=\"819\" src=\"https:\/\/teresacatalan.com\/wp-content\/uploads\/2020\/06\/pdf.png\" alt=\"\" class=\"wp-image-480\" style=\"width:35px\" srcset=\"https:\/\/teresacatalan.com\/wp-content\/uploads\/2020\/06\/pdf.png 779w, https:\/\/teresacatalan.com\/wp-content\/uploads\/2020\/06\/pdf-285x300.png 285w, https:\/\/teresacatalan.com\/wp-content\/uploads\/2020\/06\/pdf-768x807.png 768w, https:\/\/teresacatalan.com\/wp-content\/uploads\/2020\/06\/pdf-700x736.png 700w, https:\/\/teresacatalan.com\/wp-content\/uploads\/2020\/06\/pdf-520x547.png 520w, https:\/\/teresacatalan.com\/wp-content\/uploads\/2020\/06\/pdf-360x378.png 360w, https:\/\/teresacatalan.com\/wp-content\/uploads\/2020\/06\/pdf-250x263.png 250w, https:\/\/teresacatalan.com\/wp-content\/uploads\/2020\/06\/pdf-100x105.png 100w\" sizes=\"auto, (max-width: 779px) 100vw, 779px\" \/><\/a><\/figure>\n<\/div>\n<\/div>\n\n\n\n<div class=\"wp-block-columns is-layout-flex wp-container-core-columns-is-layout-9d6595d7 wp-block-columns-is-layout-flex\">\n<div class=\"wp-block-column is-layout-flow wp-block-column-is-layout-flow\" style=\"flex-basis:20%\">\n<figure class=\"wp-block-gallery has-nested-images columns-default is-cropped wp-block-gallery-6 is-layout-flex wp-block-gallery-is-layout-flex\">\n<figure class=\"wp-block-image size-large\"><a href=\"https:\/\/teresacatalan.com\/wp-content\/uploads\/2020\/06\/libro_B015.jpg\"><img loading=\"lazy\" decoding=\"async\" width=\"450\" height=\"600\" data-id=\"366\" src=\"http:\/\/teresacatalan.com\/wp-content\/uploads\/2020\/06\/libro_B015.jpg\" alt=\"\" class=\"wp-image-366\" srcset=\"https:\/\/teresacatalan.com\/wp-content\/uploads\/2020\/06\/libro_B015.jpg 450w, https:\/\/teresacatalan.com\/wp-content\/uploads\/2020\/06\/libro_B015-225x300.jpg 225w, https:\/\/teresacatalan.com\/wp-content\/uploads\/2020\/06\/libro_B015-360x480.jpg 360w, https:\/\/teresacatalan.com\/wp-content\/uploads\/2020\/06\/libro_B015-250x333.jpg 250w, https:\/\/teresacatalan.com\/wp-content\/uploads\/2020\/06\/libro_B015-100x133.jpg 100w\" sizes=\"auto, (max-width: 450px) 100vw, 450px\" \/><\/a><\/figure>\n<\/figure>\n<\/div>\n\n\n\n<div class=\"wp-block-column is-layout-flow wp-block-column-is-layout-flow\" style=\"flex-basis:80%\">\n<p><strong>LA ENSE\u00d1ANZA SUPERIOR DE M\u00daSICA: UNA PERSPECTIVA<\/strong><br><em>Publicado en<\/em>: Actas del V Congreso Nacional y III Internacional de Conservatorios Superiores de M\u00fasica.<br><em>Editado por<\/em>: SEM-EE, Madrid 2019.<br>ISBN: 978-84-09-07200-2.<\/p>\n<\/div>\n<\/div>\n\n\n\n<div class=\"wp-block-columns is-layout-flex wp-container-core-columns-is-layout-9d6595d7 wp-block-columns-is-layout-flex\">\n<div class=\"wp-block-column is-layout-flow wp-block-column-is-layout-flow\" style=\"flex-basis:20%\">\n<figure class=\"wp-block-gallery has-nested-images columns-default is-cropped wp-block-gallery-7 is-layout-flex wp-block-gallery-is-layout-flex\">\n<figure class=\"wp-block-image size-large\"><a href=\"https:\/\/teresacatalan.com\/wp-content\/uploads\/2020\/06\/libro_B014.jpg\"><img loading=\"lazy\" decoding=\"async\" width=\"450\" height=\"600\" data-id=\"365\" src=\"http:\/\/teresacatalan.com\/wp-content\/uploads\/2020\/06\/libro_B014.jpg\" alt=\"\" class=\"wp-image-365\" srcset=\"https:\/\/teresacatalan.com\/wp-content\/uploads\/2020\/06\/libro_B014.jpg 450w, https:\/\/teresacatalan.com\/wp-content\/uploads\/2020\/06\/libro_B014-225x300.jpg 225w, https:\/\/teresacatalan.com\/wp-content\/uploads\/2020\/06\/libro_B014-360x480.jpg 360w, https:\/\/teresacatalan.com\/wp-content\/uploads\/2020\/06\/libro_B014-250x333.jpg 250w, https:\/\/teresacatalan.com\/wp-content\/uploads\/2020\/06\/libro_B014-100x133.jpg 100w\" sizes=\"auto, (max-width: 450px) 100vw, 450px\" \/><\/a><\/figure>\n<\/figure>\n<\/div>\n\n\n\n<div class=\"wp-block-column is-layout-flow wp-block-column-is-layout-flow\" style=\"flex-basis:80%\">\n<p><strong>100 A\u00d1OS CON LA PAMPLONESA 100 URTE ZUREKIN<\/strong><br>Luis M\u00aa San Mart\u00edn (Coord.)<br><em>Editado por<\/em>: Ayuntamiento de Pamplona\/Banda la Pamplonesa, 2019.<br>ISBN: 978-84-09-12357-5.<\/p>\n<\/div>\n<\/div>\n\n\n\n<div class=\"wp-block-columns is-layout-flex wp-container-core-columns-is-layout-9d6595d7 wp-block-columns-is-layout-flex\">\n<div class=\"wp-block-column is-layout-flow wp-block-column-is-layout-flow\" style=\"flex-basis:20%\">\n<figure class=\"wp-block-gallery has-nested-images columns-default is-cropped wp-block-gallery-8 is-layout-flex wp-block-gallery-is-layout-flex\">\n<figure class=\"wp-block-image size-large\"><a href=\"https:\/\/teresacatalan.com\/wp-content\/uploads\/2020\/06\/libro_B013.jpg\"><img loading=\"lazy\" decoding=\"async\" width=\"450\" height=\"600\" data-id=\"364\" src=\"http:\/\/teresacatalan.com\/wp-content\/uploads\/2020\/06\/libro_B013.jpg\" alt=\"\" class=\"wp-image-364\" srcset=\"https:\/\/teresacatalan.com\/wp-content\/uploads\/2020\/06\/libro_B013.jpg 450w, https:\/\/teresacatalan.com\/wp-content\/uploads\/2020\/06\/libro_B013-225x300.jpg 225w, https:\/\/teresacatalan.com\/wp-content\/uploads\/2020\/06\/libro_B013-360x480.jpg 360w, https:\/\/teresacatalan.com\/wp-content\/uploads\/2020\/06\/libro_B013-250x333.jpg 250w, https:\/\/teresacatalan.com\/wp-content\/uploads\/2020\/06\/libro_B013-100x133.jpg 100w\" sizes=\"auto, (max-width: 450px) 100vw, 450px\" \/><\/a><\/figure>\n<\/figure>\n<\/div>\n\n\n\n<div class=\"wp-block-column is-layout-flow wp-block-column-is-layout-flow\" style=\"flex-basis:80%\">\n<p><strong>CREACI\u00d3N E INVESTIGACI\u00d3N<\/strong><br><em>Publicado en<\/em>: Actas de la Jornada sobre las relaciones entre el Real Conservatorio Superior de M\u00fasica de Madrid y la Universidad.<br><em>Editado por<\/em>: V\u00edctor Pliego.<br>Real Conservatorio Superior de M\u00fasica de Madrid, 2013.<br>ISBN: 13 978-84-935463-6-6.<\/p>\n<\/div>\n<\/div>\n\n\n\n<div class=\"wp-block-columns is-layout-flex wp-container-core-columns-is-layout-9d6595d7 wp-block-columns-is-layout-flex\">\n<div class=\"wp-block-column is-layout-flow wp-block-column-is-layout-flow\" style=\"flex-basis:20%\">\n<figure class=\"wp-block-gallery has-nested-images columns-default is-cropped wp-block-gallery-9 is-layout-flex wp-block-gallery-is-layout-flex\">\n<figure class=\"wp-block-image size-large\"><a href=\"https:\/\/teresacatalan.com\/wp-content\/uploads\/2020\/06\/libro_B012.jpg\"><img loading=\"lazy\" decoding=\"async\" width=\"450\" height=\"600\" data-id=\"363\" src=\"http:\/\/teresacatalan.com\/wp-content\/uploads\/2020\/06\/libro_B012.jpg\" alt=\"\" class=\"wp-image-363\" srcset=\"https:\/\/teresacatalan.com\/wp-content\/uploads\/2020\/06\/libro_B012.jpg 450w, https:\/\/teresacatalan.com\/wp-content\/uploads\/2020\/06\/libro_B012-225x300.jpg 225w, https:\/\/teresacatalan.com\/wp-content\/uploads\/2020\/06\/libro_B012-360x480.jpg 360w, https:\/\/teresacatalan.com\/wp-content\/uploads\/2020\/06\/libro_B012-250x333.jpg 250w, https:\/\/teresacatalan.com\/wp-content\/uploads\/2020\/06\/libro_B012-100x133.jpg 100w\" sizes=\"auto, (max-width: 450px) 100vw, 450px\" \/><\/a><\/figure>\n<\/figure>\n<\/div>\n\n\n\n<div class=\"wp-block-column is-layout-flow wp-block-column-is-layout-flow\" style=\"flex-basis:80%\">\n<p><strong>DESDE LA MIRADA INTERIOR<\/strong><br><em>Publicado en<\/em>: Cien palabras para Chillida. Homenaje X Aniversario.<br><em>Editado por<\/em>: Susana Chillida.<br>Fundaci\u00f3n Eduardo Chillida-Pilar Belzunce. San Sebasti\u00e1n, 2012.<br>ISBN: 978-84-615-9872-4.<\/p>\n<\/div>\n<\/div>\n\n\n\n<div class=\"wp-block-columns is-layout-flex wp-container-core-columns-is-layout-9d6595d7 wp-block-columns-is-layout-flex\">\n<div class=\"wp-block-column is-layout-flow wp-block-column-is-layout-flow\" style=\"flex-basis:20%\">\n<figure class=\"wp-block-gallery has-nested-images columns-default is-cropped wp-block-gallery-10 is-layout-flex wp-block-gallery-is-layout-flex\">\n<figure class=\"wp-block-image size-large\"><a href=\"https:\/\/teresacatalan.com\/wp-content\/uploads\/2020\/06\/libro_B011.jpg\"><img loading=\"lazy\" decoding=\"async\" width=\"450\" height=\"600\" data-id=\"362\" src=\"http:\/\/teresacatalan.com\/wp-content\/uploads\/2020\/06\/libro_B011.jpg\" alt=\"\" class=\"wp-image-362\" srcset=\"https:\/\/teresacatalan.com\/wp-content\/uploads\/2020\/06\/libro_B011.jpg 450w, https:\/\/teresacatalan.com\/wp-content\/uploads\/2020\/06\/libro_B011-225x300.jpg 225w, https:\/\/teresacatalan.com\/wp-content\/uploads\/2020\/06\/libro_B011-360x480.jpg 360w, https:\/\/teresacatalan.com\/wp-content\/uploads\/2020\/06\/libro_B011-250x333.jpg 250w, https:\/\/teresacatalan.com\/wp-content\/uploads\/2020\/06\/libro_B011-100x133.jpg 100w\" sizes=\"auto, (max-width: 450px) 100vw, 450px\" \/><\/a><\/figure>\n<\/figure>\n<\/div>\n\n\n\n<div class=\"wp-block-column is-layout-flow wp-block-column-is-layout-flow\" style=\"flex-basis:80%\">\n<p><strong>M\u00daSICA SOMOS TODOS<\/strong><br><em>Publicado en<\/em>: 15 compositoras espa\u00f1olas de hoy.<br><em>Editado por:<\/em> Rosa Mar\u00eda Rodr\u00edguez Hern\u00e1ndez<br>Ed. Piles. Valencia, 2012.<br>ISBN: 978-84-96814-85-1.<\/p>\n<\/div>\n<\/div>\n\n\n\n<div class=\"wp-block-columns is-layout-flex wp-container-core-columns-is-layout-9d6595d7 wp-block-columns-is-layout-flex\">\n<div class=\"wp-block-column is-layout-flow wp-block-column-is-layout-flow\" style=\"flex-basis:20%\">\n<figure class=\"wp-block-gallery has-nested-images columns-default is-cropped wp-block-gallery-11 is-layout-flex wp-block-gallery-is-layout-flex\">\n<figure class=\"wp-block-image size-large\"><a href=\"https:\/\/teresacatalan.com\/wp-content\/uploads\/2020\/06\/libro_B010.jpg\"><img loading=\"lazy\" decoding=\"async\" width=\"450\" height=\"600\" data-id=\"361\" src=\"http:\/\/teresacatalan.com\/wp-content\/uploads\/2020\/06\/libro_B010.jpg\" alt=\"\" class=\"wp-image-361\" srcset=\"https:\/\/teresacatalan.com\/wp-content\/uploads\/2020\/06\/libro_B010.jpg 450w, https:\/\/teresacatalan.com\/wp-content\/uploads\/2020\/06\/libro_B010-225x300.jpg 225w, https:\/\/teresacatalan.com\/wp-content\/uploads\/2020\/06\/libro_B010-360x480.jpg 360w, https:\/\/teresacatalan.com\/wp-content\/uploads\/2020\/06\/libro_B010-250x333.jpg 250w, https:\/\/teresacatalan.com\/wp-content\/uploads\/2020\/06\/libro_B010-100x133.jpg 100w\" sizes=\"auto, (max-width: 450px) 100vw, 450px\" \/><\/a><\/figure>\n<\/figure>\n<\/div>\n\n\n\n<div class=\"wp-block-column is-layout-flow wp-block-column-is-layout-flow\" style=\"flex-basis:80%\">\n<p><strong>M\u00daSICA: TIEMPO Y MEMORIA<\/strong><br><em>Publicado en<\/em>: Investigar en los dominios de la m\u00fasica.<br><em>Editado por<\/em>: Rom\u00e1n de la Calle\/Mar\u00eda Luisa Mart\u00ednez<br>Real Academia de Bellas Artes de Valencia. Valencia, 2011<br>ISBN: 978-84-938788-0-1.<\/p>\n<\/div>\n<\/div>\n\n\n\n<div class=\"wp-block-columns is-layout-flex wp-container-core-columns-is-layout-9d6595d7 wp-block-columns-is-layout-flex\">\n<div class=\"wp-block-column is-layout-flow wp-block-column-is-layout-flow\" style=\"flex-basis:20%\">\n<figure class=\"wp-block-gallery has-nested-images columns-default is-cropped wp-block-gallery-12 is-layout-flex wp-block-gallery-is-layout-flex\">\n<figure class=\"wp-block-image size-large\"><a href=\"https:\/\/teresacatalan.com\/wp-content\/uploads\/2020\/06\/libro_B009.jpg\"><img loading=\"lazy\" decoding=\"async\" width=\"450\" height=\"600\" data-id=\"360\" src=\"http:\/\/teresacatalan.com\/wp-content\/uploads\/2020\/06\/libro_B009.jpg\" alt=\"\" class=\"wp-image-360\" srcset=\"https:\/\/teresacatalan.com\/wp-content\/uploads\/2020\/06\/libro_B009.jpg 450w, https:\/\/teresacatalan.com\/wp-content\/uploads\/2020\/06\/libro_B009-225x300.jpg 225w, https:\/\/teresacatalan.com\/wp-content\/uploads\/2020\/06\/libro_B009-360x480.jpg 360w, https:\/\/teresacatalan.com\/wp-content\/uploads\/2020\/06\/libro_B009-250x333.jpg 250w, https:\/\/teresacatalan.com\/wp-content\/uploads\/2020\/06\/libro_B009-100x133.jpg 100w\" sizes=\"auto, (max-width: 450px) 100vw, 450px\" \/><\/a><\/figure>\n<\/figure>\n<\/div>\n\n\n\n<div class=\"wp-block-column is-layout-flow wp-block-column-is-layout-flow\" style=\"flex-basis:80%\">\n<p><strong>LAUDATIO<\/strong><br><em>Publicado en<\/em>: D\u00eda de la Universidad.<br>Ed. Universidad P\u00fablica de Navarra. Pamplona, 2011.<br>D.L.: NA-870-2011.<\/p>\n<\/div>\n<\/div>\n\n\n\n<div class=\"wp-block-columns is-layout-flex wp-container-core-columns-is-layout-9d6595d7 wp-block-columns-is-layout-flex\">\n<div class=\"wp-block-column is-layout-flow wp-block-column-is-layout-flow\" style=\"flex-basis:20%\">\n<figure class=\"wp-block-gallery has-nested-images columns-default is-cropped wp-block-gallery-13 is-layout-flex wp-block-gallery-is-layout-flex\">\n<figure class=\"wp-block-image size-large\"><a href=\"https:\/\/teresacatalan.com\/wp-content\/uploads\/2020\/06\/libro_B008.jpg\"><img loading=\"lazy\" decoding=\"async\" width=\"450\" height=\"600\" data-id=\"359\" src=\"http:\/\/teresacatalan.com\/wp-content\/uploads\/2020\/06\/libro_B008.jpg\" alt=\"\" class=\"wp-image-359\" srcset=\"https:\/\/teresacatalan.com\/wp-content\/uploads\/2020\/06\/libro_B008.jpg 450w, https:\/\/teresacatalan.com\/wp-content\/uploads\/2020\/06\/libro_B008-225x300.jpg 225w, https:\/\/teresacatalan.com\/wp-content\/uploads\/2020\/06\/libro_B008-360x480.jpg 360w, https:\/\/teresacatalan.com\/wp-content\/uploads\/2020\/06\/libro_B008-250x333.jpg 250w, https:\/\/teresacatalan.com\/wp-content\/uploads\/2020\/06\/libro_B008-100x133.jpg 100w\" sizes=\"auto, (max-width: 450px) 100vw, 450px\" \/><\/a><\/figure>\n<\/figure>\n<\/div>\n\n\n\n<div class=\"wp-block-column is-layout-flow wp-block-column-is-layout-flow\" style=\"flex-basis:80%\">\n<p><strong>CAUCES<\/strong><br><em>Publicado en<\/em>: Ubidea.<br>Ed. Lizarra Ikastola. Estella (Navarra), 2011.<br>D.L.: NA-571-2011.<\/p>\n<\/div>\n<\/div>\n\n\n\n<div class=\"wp-block-columns is-layout-flex wp-container-core-columns-is-layout-9d6595d7 wp-block-columns-is-layout-flex\">\n<div class=\"wp-block-column is-layout-flow wp-block-column-is-layout-flow\" style=\"flex-basis:20%\">\n<figure class=\"wp-block-gallery has-nested-images columns-default is-cropped wp-block-gallery-14 is-layout-flex wp-block-gallery-is-layout-flex\">\n<figure class=\"wp-block-image size-large\"><a href=\"https:\/\/teresacatalan.com\/wp-content\/uploads\/2020\/06\/libro_B007.jpg\"><img loading=\"lazy\" decoding=\"async\" width=\"450\" height=\"600\" data-id=\"358\" src=\"http:\/\/teresacatalan.com\/wp-content\/uploads\/2020\/06\/libro_B007.jpg\" alt=\"\" class=\"wp-image-358\" srcset=\"https:\/\/teresacatalan.com\/wp-content\/uploads\/2020\/06\/libro_B007.jpg 450w, https:\/\/teresacatalan.com\/wp-content\/uploads\/2020\/06\/libro_B007-225x300.jpg 225w, https:\/\/teresacatalan.com\/wp-content\/uploads\/2020\/06\/libro_B007-360x480.jpg 360w, https:\/\/teresacatalan.com\/wp-content\/uploads\/2020\/06\/libro_B007-250x333.jpg 250w, https:\/\/teresacatalan.com\/wp-content\/uploads\/2020\/06\/libro_B007-100x133.jpg 100w\" sizes=\"auto, (max-width: 450px) 100vw, 450px\" \/><\/a><\/figure>\n<\/figure>\n<\/div>\n\n\n\n<div class=\"wp-block-column is-layout-flow wp-block-column-is-layout-flow\" style=\"flex-basis:80%\">\n<p><strong>GRANDE Y MENUDA. PILAR BAYONA IN HONOREM<\/strong><br><em>Publicado en:<\/em> Pilar Bayona. 30 Miradas.<br>Ed. Libros del innombrable. Zaragoza, 2009.<br>ISBN: 978-84-92759-15-6.<\/p>\n<\/div>\n<\/div>\n\n\n\n<div class=\"wp-block-columns is-layout-flex wp-container-core-columns-is-layout-9d6595d7 wp-block-columns-is-layout-flex\">\n<div class=\"wp-block-column is-layout-flow wp-block-column-is-layout-flow\" style=\"flex-basis:20%\">\n<figure class=\"wp-block-gallery has-nested-images columns-default is-cropped wp-block-gallery-15 is-layout-flex wp-block-gallery-is-layout-flex\">\n<figure class=\"wp-block-image size-large\"><a href=\"https:\/\/teresacatalan.com\/wp-content\/uploads\/2020\/06\/libro_B006.jpg\"><img loading=\"lazy\" decoding=\"async\" width=\"450\" height=\"600\" data-id=\"357\" src=\"http:\/\/teresacatalan.com\/wp-content\/uploads\/2020\/06\/libro_B006.jpg\" alt=\"\" class=\"wp-image-357\" srcset=\"https:\/\/teresacatalan.com\/wp-content\/uploads\/2020\/06\/libro_B006.jpg 450w, https:\/\/teresacatalan.com\/wp-content\/uploads\/2020\/06\/libro_B006-225x300.jpg 225w, https:\/\/teresacatalan.com\/wp-content\/uploads\/2020\/06\/libro_B006-360x480.jpg 360w, https:\/\/teresacatalan.com\/wp-content\/uploads\/2020\/06\/libro_B006-250x333.jpg 250w, https:\/\/teresacatalan.com\/wp-content\/uploads\/2020\/06\/libro_B006-100x133.jpg 100w\" sizes=\"auto, (max-width: 450px) 100vw, 450px\" \/><\/a><\/figure>\n<\/figure>\n<\/div>\n\n\n\n<div class=\"wp-block-column is-layout-flow wp-block-column-is-layout-flow\" style=\"flex-basis:80%\">\n<p><strong>GRACIAS<\/strong><br><em>Publicado en<\/em>: Los Iru\u00f1a\u2019ko. Pamplona, Fundaci\u00f3n Caja Navarra, 2006.<br>ISBN: 84-96506-13-4.<\/p>\n<\/div>\n<\/div>\n\n\n\n<div class=\"wp-block-columns is-layout-flex wp-container-core-columns-is-layout-9d6595d7 wp-block-columns-is-layout-flex\">\n<div class=\"wp-block-column is-layout-flow wp-block-column-is-layout-flow\" style=\"flex-basis:20%\">\n<figure class=\"wp-block-gallery has-nested-images columns-default is-cropped wp-block-gallery-16 is-layout-flex wp-block-gallery-is-layout-flex\">\n<figure class=\"wp-block-image size-large\"><a href=\"https:\/\/teresacatalan.com\/wp-content\/uploads\/2020\/06\/libro_B005.jpg\"><img loading=\"lazy\" decoding=\"async\" width=\"450\" height=\"600\" data-id=\"356\" src=\"http:\/\/teresacatalan.com\/wp-content\/uploads\/2020\/06\/libro_B005.jpg\" alt=\"\" class=\"wp-image-356\" srcset=\"https:\/\/teresacatalan.com\/wp-content\/uploads\/2020\/06\/libro_B005.jpg 450w, https:\/\/teresacatalan.com\/wp-content\/uploads\/2020\/06\/libro_B005-225x300.jpg 225w, https:\/\/teresacatalan.com\/wp-content\/uploads\/2020\/06\/libro_B005-360x480.jpg 360w, https:\/\/teresacatalan.com\/wp-content\/uploads\/2020\/06\/libro_B005-250x333.jpg 250w, https:\/\/teresacatalan.com\/wp-content\/uploads\/2020\/06\/libro_B005-100x133.jpg 100w\" sizes=\"auto, (max-width: 450px) 100vw, 450px\" \/><\/a><\/figure>\n<\/figure>\n<\/div>\n\n\n\n<div class=\"wp-block-column is-layout-flow wp-block-column-is-layout-flow\" style=\"flex-basis:80%\">\n<p><strong>DOCTORADO PARA M\u00daSICOS: EL PROGRAMA ESPEC\u00cdFICO DE LA UNIVERSIDAD DE VALENCIA<\/strong><br><em>Publicado en<\/em>: Actas de las II Jornadas en Investigaci\u00f3n en Educaci\u00f3n Musical.<br>Grupo Editorial Universitario. Ceuta, 2003.<br>ISBN: 84-8491-269-8.<\/p>\n<\/div>\n<\/div>\n\n\n\n<div class=\"wp-block-columns is-layout-flex wp-container-core-columns-is-layout-9d6595d7 wp-block-columns-is-layout-flex\">\n<div class=\"wp-block-column is-layout-flow wp-block-column-is-layout-flow\" style=\"flex-basis:20%\">\n<figure class=\"wp-block-gallery has-nested-images columns-default is-cropped wp-block-gallery-17 is-layout-flex wp-block-gallery-is-layout-flex\">\n<figure class=\"wp-block-image size-large\"><a href=\"https:\/\/teresacatalan.com\/wp-content\/uploads\/2020\/06\/libro_B004.jpg\"><img loading=\"lazy\" decoding=\"async\" width=\"450\" height=\"600\" data-id=\"355\" src=\"http:\/\/teresacatalan.com\/wp-content\/uploads\/2020\/06\/libro_B004.jpg\" alt=\"\" class=\"wp-image-355\" srcset=\"https:\/\/teresacatalan.com\/wp-content\/uploads\/2020\/06\/libro_B004.jpg 450w, https:\/\/teresacatalan.com\/wp-content\/uploads\/2020\/06\/libro_B004-225x300.jpg 225w, https:\/\/teresacatalan.com\/wp-content\/uploads\/2020\/06\/libro_B004-360x480.jpg 360w, https:\/\/teresacatalan.com\/wp-content\/uploads\/2020\/06\/libro_B004-250x333.jpg 250w, https:\/\/teresacatalan.com\/wp-content\/uploads\/2020\/06\/libro_B004-100x133.jpg 100w\" sizes=\"auto, (max-width: 450px) 100vw, 450px\" \/><\/a><\/figure>\n<\/figure>\n<\/div>\n\n\n\n<div class=\"wp-block-column is-layout-flow wp-block-column-is-layout-flow\" style=\"flex-basis:80%\">\n<p><strong>ORGANIZACI\u00d3N Y DISTRIBUCI\u00d3N TERRITORIAL DE LAS TITULACIONES SUPERIORES DE CONSERVATORIO<\/strong><br><em>Publicado en<\/em>: Actas del XV Congreso de Estudios Vascos (dos tomos).<br>San Sebasti\u00e1n, 2001.<br>ISBN: 84-8419-907-X.<\/p>\n<\/div>\n<\/div>\n\n\n\n<div class=\"wp-block-columns is-layout-flex wp-container-core-columns-is-layout-9d6595d7 wp-block-columns-is-layout-flex\">\n<div class=\"wp-block-column is-layout-flow wp-block-column-is-layout-flow\" style=\"flex-basis:20%\">\n<figure class=\"wp-block-gallery has-nested-images columns-default is-cropped wp-block-gallery-18 is-layout-flex wp-block-gallery-is-layout-flex\">\n<figure class=\"wp-block-image size-large\"><a href=\"https:\/\/teresacatalan.com\/wp-content\/uploads\/2020\/06\/libro_B003.jpg\"><img loading=\"lazy\" decoding=\"async\" width=\"450\" height=\"600\" data-id=\"354\" src=\"http:\/\/teresacatalan.com\/wp-content\/uploads\/2020\/06\/libro_B003.jpg\" alt=\"\" class=\"wp-image-354\" srcset=\"https:\/\/teresacatalan.com\/wp-content\/uploads\/2020\/06\/libro_B003.jpg 450w, https:\/\/teresacatalan.com\/wp-content\/uploads\/2020\/06\/libro_B003-225x300.jpg 225w, https:\/\/teresacatalan.com\/wp-content\/uploads\/2020\/06\/libro_B003-360x480.jpg 360w, https:\/\/teresacatalan.com\/wp-content\/uploads\/2020\/06\/libro_B003-250x333.jpg 250w, https:\/\/teresacatalan.com\/wp-content\/uploads\/2020\/06\/libro_B003-100x133.jpg 100w\" sizes=\"auto, (max-width: 450px) 100vw, 450px\" \/><\/a><\/figure>\n<\/figure>\n<\/div>\n\n\n\n<div class=\"wp-block-column is-layout-flow wp-block-column-is-layout-flow\" style=\"flex-basis:80%\">\n<p><strong>LA IDENTIDAD MUSICAL FEMENINA<\/strong><br><em>Publicado en<\/em>: M\u00fasica y mujeres, g\u00e9nero y poder.<br>Compilado por Marisa Manchado. Colecci\u00f3n \u00abCuadernos inacabados\u00bb N\u00ba 29, Editorial Horas y Horas, Madrid, 1998.<br>ISBN: 84-87715-68-0.<\/p>\n<\/div>\n<\/div>\n\n\n\n<div class=\"wp-block-columns is-layout-flex wp-container-core-columns-is-layout-9d6595d7 wp-block-columns-is-layout-flex\">\n<div class=\"wp-block-column is-layout-flow wp-block-column-is-layout-flow\" style=\"flex-basis:20%\">\n<figure class=\"wp-block-gallery has-nested-images columns-default is-cropped wp-block-gallery-19 is-layout-flex wp-block-gallery-is-layout-flex\">\n<figure class=\"wp-block-image size-large\"><a href=\"https:\/\/teresacatalan.com\/wp-content\/uploads\/2020\/06\/libro_B002.jpg\"><img loading=\"lazy\" decoding=\"async\" width=\"450\" height=\"600\" data-id=\"353\" src=\"http:\/\/teresacatalan.com\/wp-content\/uploads\/2020\/06\/libro_B002.jpg\" alt=\"\" class=\"wp-image-353\" srcset=\"https:\/\/teresacatalan.com\/wp-content\/uploads\/2020\/06\/libro_B002.jpg 450w, https:\/\/teresacatalan.com\/wp-content\/uploads\/2020\/06\/libro_B002-225x300.jpg 225w, https:\/\/teresacatalan.com\/wp-content\/uploads\/2020\/06\/libro_B002-360x480.jpg 360w, https:\/\/teresacatalan.com\/wp-content\/uploads\/2020\/06\/libro_B002-250x333.jpg 250w, https:\/\/teresacatalan.com\/wp-content\/uploads\/2020\/06\/libro_B002-100x133.jpg 100w\" sizes=\"auto, (max-width: 450px) 100vw, 450px\" \/><\/a><\/figure>\n<\/figure>\n<\/div>\n\n\n\n<div class=\"wp-block-column is-layout-flow wp-block-column-is-layout-flow\" style=\"flex-basis:80%\">\n<p><strong>M\u00daSICA Y CULTURA<\/strong><br><em>Publicado en<\/em>: Conciertos en el aula.<br>Ministerio de Educaci\u00f3n y Ciencia Direcci\u00f3n Provincial de Zaragoza. Zaragoza, 1993.<br>ISBN: 84-88264-29-1 .<\/p>\n<\/div>\n<\/div>\n\n\n\n<div class=\"wp-block-columns is-layout-flex wp-container-core-columns-is-layout-9d6595d7 wp-block-columns-is-layout-flex\">\n<div class=\"wp-block-column is-layout-flow wp-block-column-is-layout-flow\" style=\"flex-basis:20%\">\n<figure class=\"wp-block-gallery has-nested-images columns-default is-cropped wp-block-gallery-20 is-layout-flex wp-block-gallery-is-layout-flex\">\n<figure class=\"wp-block-image size-large\"><a href=\"https:\/\/teresacatalan.com\/wp-content\/uploads\/2020\/06\/libro_B001.jpg\"><img loading=\"lazy\" decoding=\"async\" width=\"450\" height=\"600\" data-id=\"352\" src=\"http:\/\/teresacatalan.com\/wp-content\/uploads\/2020\/06\/libro_B001.jpg\" alt=\"\" class=\"wp-image-352\" srcset=\"https:\/\/teresacatalan.com\/wp-content\/uploads\/2020\/06\/libro_B001.jpg 450w, https:\/\/teresacatalan.com\/wp-content\/uploads\/2020\/06\/libro_B001-225x300.jpg 225w, https:\/\/teresacatalan.com\/wp-content\/uploads\/2020\/06\/libro_B001-360x480.jpg 360w, https:\/\/teresacatalan.com\/wp-content\/uploads\/2020\/06\/libro_B001-250x333.jpg 250w, https:\/\/teresacatalan.com\/wp-content\/uploads\/2020\/06\/libro_B001-100x133.jpg 100w\" sizes=\"auto, (max-width: 450px) 100vw, 450px\" \/><\/a><\/figure>\n<\/figure>\n<\/div>\n\n\n\n<div class=\"wp-block-column is-layout-flow wp-block-column-is-layout-flow\" style=\"flex-basis:80%\">\n<p><strong>LA COMPOSICI\u00d3N ACTUAL. MODOS DE ACTUAR<\/strong><br>Teresa Catal\u00e1n \u2013 Patxi Larra\u00f1aga.<br><em>Publicado en<\/em>: Primer Encuentro sobre composici\u00f3n musical. Valencia, 1988. Textos y ponencias.<br>Publicaciones del \u00c1rea de M\u00fasica \u2013 IVAECM. Valencia, 1989.<br>ISBN: 84-7579-760-1.<\/p>\n<\/div>\n<\/div>\n\n\n\n<p><\/p>\n<\/details>\n\n\n\n<details class=\"wp-block-details is-layout-flow wp-block-details-is-layout-flow\"><summary>Referencias<\/summary>\n<div class=\"wp-block-columns is-layout-flex wp-container-core-columns-is-layout-9d6595d7 wp-block-columns-is-layout-flex\">\n<div class=\"wp-block-column is-layout-flow wp-block-column-is-layout-flow\" style=\"flex-basis:20%\">\n<figure class=\"wp-block-gallery has-nested-images columns-default is-cropped wp-block-gallery-21 is-layout-flex wp-block-gallery-is-layout-flex\">\n<figure class=\"wp-block-image size-full\"><a href=\"https:\/\/teresacatalan.com\/wp-content\/uploads\/2025\/03\/libro_C001.jpg\"><img loading=\"lazy\" decoding=\"async\" width=\"450\" height=\"600\" data-id=\"1443\" src=\"https:\/\/teresacatalan.com\/wp-content\/uploads\/2025\/03\/libro_C001.jpg\" alt=\"\" class=\"wp-image-1443\" srcset=\"https:\/\/teresacatalan.com\/wp-content\/uploads\/2025\/03\/libro_C001.jpg 450w, https:\/\/teresacatalan.com\/wp-content\/uploads\/2025\/03\/libro_C001-225x300.jpg 225w, https:\/\/teresacatalan.com\/wp-content\/uploads\/2025\/03\/libro_C001-370x493.jpg 370w\" sizes=\"auto, (max-width: 450px) 100vw, 450px\" \/><\/a><\/figure>\n<\/figure>\n<\/div>\n\n\n\n<div class=\"wp-block-column is-layout-flow wp-block-column-is-layout-flow\" style=\"flex-basis:80%\">\n<p><strong>LA VOZ DE LOS COMPOSITORES<\/strong><br><em>Autora<\/em>: Rosa D\u00edaz Mayo.<br><em>Editado por<\/em>: Ateneo de La Laguna, 2025.<br>ISBN: 978-84-127680-5-3.<\/p>\n<\/div>\n<\/div>\n\n\n\n<p><\/p>\n<\/details>\n","protected":false},"excerpt":{"rendered":"","protected":false},"author":1,"featured_media":0,"parent":0,"menu_order":0,"comment_status":"closed","ping_status":"closed","template":"","meta":{"ngg_post_thumbnail":0,"footnotes":""},"class_list":["post-610","page","type-page","status-publish","hentry"],"_links":{"self":[{"href":"https:\/\/teresacatalan.com\/index.php?rest_route=\/wp\/v2\/pages\/610","targetHints":{"allow":["GET"]}}],"collection":[{"href":"https:\/\/teresacatalan.com\/index.php?rest_route=\/wp\/v2\/pages"}],"about":[{"href":"https:\/\/teresacatalan.com\/index.php?rest_route=\/wp\/v2\/types\/page"}],"author":[{"embeddable":true,"href":"https:\/\/teresacatalan.com\/index.php?rest_route=\/wp\/v2\/users\/1"}],"replies":[{"embeddable":true,"href":"https:\/\/teresacatalan.com\/index.php?rest_route=%2Fwp%2Fv2%2Fcomments&post=610"}],"version-history":[{"count":33,"href":"https:\/\/teresacatalan.com\/index.php?rest_route=\/wp\/v2\/pages\/610\/revisions"}],"predecessor-version":[{"id":1848,"href":"https:\/\/teresacatalan.com\/index.php?rest_route=\/wp\/v2\/pages\/610\/revisions\/1848"}],"wp:attachment":[{"href":"https:\/\/teresacatalan.com\/index.php?rest_route=%2Fwp%2Fv2%2Fmedia&parent=610"}],"curies":[{"name":"wp","href":"https:\/\/api.w.org\/{rel}","templated":true}]}}