{"id":68,"date":"2020-06-04T16:11:00","date_gmt":"2020-06-04T14:11:00","guid":{"rendered":"http:\/\/teresacatalan.com\/?page_id=68"},"modified":"2025-03-22T22:03:16","modified_gmt":"2025-03-22T20:03:16","slug":"partituras","status":"publish","type":"page","link":"https:\/\/teresacatalan.com\/?page_id=68","title":{"rendered":"Partituras"},"content":{"rendered":"\n<div class=\"wp-block-columns is-layout-flex wp-container-core-columns-is-layout-9d6595d7 wp-block-columns-is-layout-flex\">\n<div class=\"wp-block-column is-layout-flow wp-block-column-is-layout-flow\" style=\"flex-basis:20%\">\n<figure class=\"wp-block-gallery has-nested-images columns-default is-cropped wp-block-gallery-1 is-layout-flex wp-block-gallery-is-layout-flex\">\n<figure class=\"wp-block-image size-large\"><a href=\"https:\/\/teresacatalan.com\/wp-content\/uploads\/2021\/03\/partitura_028.jpg\"><img loading=\"lazy\" decoding=\"async\" width=\"424\" height=\"600\" data-id=\"1181\" src=\"https:\/\/teresacatalan.com\/wp-content\/uploads\/2021\/03\/partitura_028.jpg\" alt=\"\" class=\"wp-image-1181\" srcset=\"https:\/\/teresacatalan.com\/wp-content\/uploads\/2021\/03\/partitura_028.jpg 424w, https:\/\/teresacatalan.com\/wp-content\/uploads\/2021\/03\/partitura_028-212x300.jpg 212w, https:\/\/teresacatalan.com\/wp-content\/uploads\/2021\/03\/partitura_028-370x524.jpg 370w\" sizes=\"auto, (max-width: 424px) 100vw, 424px\" \/><\/a><\/figure>\n<\/figure>\n\n\n\n<p><\/p>\n<\/div>\n\n\n\n<div class=\"wp-block-column is-layout-flow wp-block-column-is-layout-flow\" style=\"flex-basis:80%\">\n<p><strong>CR\u00d3NICAS DE EPICURO. Agust\u00edn Gonz\u00e1lez Acilu&nbsp;<em>in honores&nbsp;<\/em><\/strong>(Piano solo)<br><em>En:&nbsp;<\/em>Colecci\u00f3n La invisibilitat sonora, N\u00ba 2.<br><em>Publicado por:&nbsp;<\/em>Editorial Tot per l\u2019aire, Valencia, 2021<\/p>\n<\/div>\n<\/div>\n\n\n\n<div class=\"wp-block-columns is-layout-flex wp-container-core-columns-is-layout-9d6595d7 wp-block-columns-is-layout-flex\">\n<div class=\"wp-block-column is-layout-flow wp-block-column-is-layout-flow\" style=\"flex-basis:20%\">\n<figure class=\"wp-block-gallery has-nested-images columns-default is-cropped wp-block-gallery-2 is-layout-flex wp-block-gallery-is-layout-flex\">\n<figure class=\"wp-block-image size-large\"><a href=\"https:\/\/teresacatalan.com\/wp-content\/uploads\/2020\/06\/partitura_027.jpg\"><img loading=\"lazy\" decoding=\"async\" width=\"424\" height=\"600\" data-id=\"393\" src=\"http:\/\/teresacatalan.com\/wp-content\/uploads\/2020\/06\/partitura_027.jpg\" alt=\"\" class=\"wp-image-393\" srcset=\"https:\/\/teresacatalan.com\/wp-content\/uploads\/2020\/06\/partitura_027.jpg 424w, https:\/\/teresacatalan.com\/wp-content\/uploads\/2020\/06\/partitura_027-212x300.jpg 212w, https:\/\/teresacatalan.com\/wp-content\/uploads\/2020\/06\/partitura_027-360x509.jpg 360w, https:\/\/teresacatalan.com\/wp-content\/uploads\/2020\/06\/partitura_027-250x354.jpg 250w, https:\/\/teresacatalan.com\/wp-content\/uploads\/2020\/06\/partitura_027-100x142.jpg 100w\" sizes=\"auto, (max-width: 424px) 100vw, 424px\" \/><\/a><\/figure>\n<\/figure>\n\n\n\n<p><\/p>\n<\/div>\n\n\n\n<div class=\"wp-block-column is-layout-flow wp-block-column-is-layout-flow\" style=\"flex-basis:80%\">\n<p><strong>LA SOMBRA DE RIM EN \u201cLA LADRONA\u201d&nbsp;<\/strong>(Viol\u00edn y arpa)<br><em>En<\/em>: La Alhambra interpretada. Sonidos.<br><em>Publicado por<\/em>: Patronato de la Alhambra y el Generalife. Consejer\u00eda de Cultura y Patrimoio Hist\u00f3rico, 2019. Libro de artista N\u00ba 54\/110.<\/p>\n<\/div>\n<\/div>\n\n\n\n<div class=\"wp-block-columns is-layout-flex wp-container-core-columns-is-layout-9d6595d7 wp-block-columns-is-layout-flex\">\n<div class=\"wp-block-column is-layout-flow wp-block-column-is-layout-flow\" style=\"flex-basis:20%\">\n<figure class=\"wp-block-gallery has-nested-images columns-default is-cropped wp-block-gallery-3 is-layout-flex wp-block-gallery-is-layout-flex\">\n<figure class=\"wp-block-image size-large\"><a href=\"https:\/\/teresacatalan.com\/wp-content\/uploads\/2020\/06\/partitura_026.jpg\"><img loading=\"lazy\" decoding=\"async\" width=\"424\" height=\"600\" data-id=\"392\" src=\"http:\/\/teresacatalan.com\/wp-content\/uploads\/2020\/06\/partitura_026.jpg\" alt=\"\" class=\"wp-image-392\" srcset=\"https:\/\/teresacatalan.com\/wp-content\/uploads\/2020\/06\/partitura_026.jpg 424w, https:\/\/teresacatalan.com\/wp-content\/uploads\/2020\/06\/partitura_026-212x300.jpg 212w, https:\/\/teresacatalan.com\/wp-content\/uploads\/2020\/06\/partitura_026-360x509.jpg 360w, https:\/\/teresacatalan.com\/wp-content\/uploads\/2020\/06\/partitura_026-250x354.jpg 250w, https:\/\/teresacatalan.com\/wp-content\/uploads\/2020\/06\/partitura_026-100x142.jpg 100w\" sizes=\"auto, (max-width: 424px) 100vw, 424px\" \/><\/a><\/figure>\n<\/figure>\n<\/div>\n\n\n\n<div class=\"wp-block-column is-layout-flow wp-block-column-is-layout-flow\" style=\"flex-basis:80%\">\n<p><strong>EL OLIFANTE DE ROLD\u00c1N<\/strong>&nbsp;(Tuba y piano)<br><em>En:<\/em>&nbsp;Col.lecci\u00f3 Spanish Brass.<br><em>Publicado por<\/em>: SB Edicions, 2018.<br>I.S.M.N.: 979-0-9018864-8-3.<\/p>\n<\/div>\n<\/div>\n\n\n\n<div class=\"wp-block-columns is-layout-flex wp-container-core-columns-is-layout-9d6595d7 wp-block-columns-is-layout-flex\">\n<div class=\"wp-block-column is-layout-flow wp-block-column-is-layout-flow\" style=\"flex-basis:20%\">\n<figure class=\"wp-block-gallery has-nested-images columns-default is-cropped wp-block-gallery-4 is-layout-flex wp-block-gallery-is-layout-flex\">\n<figure class=\"wp-block-image size-large\"><a href=\"https:\/\/teresacatalan.com\/wp-content\/uploads\/2020\/06\/partitura_025.jpg\"><img loading=\"lazy\" decoding=\"async\" width=\"424\" height=\"424\" data-id=\"391\" src=\"http:\/\/teresacatalan.com\/wp-content\/uploads\/2020\/06\/partitura_025.jpg\" alt=\"\" class=\"wp-image-391\" srcset=\"https:\/\/teresacatalan.com\/wp-content\/uploads\/2020\/06\/partitura_025.jpg 424w, https:\/\/teresacatalan.com\/wp-content\/uploads\/2020\/06\/partitura_025-300x300.jpg 300w, https:\/\/teresacatalan.com\/wp-content\/uploads\/2020\/06\/partitura_025-150x150.jpg 150w, https:\/\/teresacatalan.com\/wp-content\/uploads\/2020\/06\/partitura_025-360x360.jpg 360w, https:\/\/teresacatalan.com\/wp-content\/uploads\/2020\/06\/partitura_025-250x250.jpg 250w, https:\/\/teresacatalan.com\/wp-content\/uploads\/2020\/06\/partitura_025-100x100.jpg 100w\" sizes=\"auto, (max-width: 424px) 100vw, 424px\" \/><\/a><\/figure>\n<\/figure>\n<\/div>\n\n\n\n<div class=\"wp-block-column is-layout-flow wp-block-column-is-layout-flow\" style=\"flex-basis:80%\">\n<p><strong>LAS REDES DE LA MEMORIA<\/strong> (Cuarteto de cuerda)<br><em>En<\/em>: Papeles del Festival de m\u00fasica espa\u00f1ola de C\u00e1diz N\u00ba11.<br><em>Publicado por<\/em>: Junta de Andaluc\u00eda. Consejer\u00eda de Cultura. Sevilla, 2017.<br>I.S.M.N.: 979-0-801257-15-4.<\/p>\n<\/div>\n<\/div>\n\n\n\n<div class=\"wp-block-columns is-layout-flex wp-container-core-columns-is-layout-9d6595d7 wp-block-columns-is-layout-flex\">\n<div class=\"wp-block-column is-layout-flow wp-block-column-is-layout-flow\" style=\"flex-basis:20%\">\n<figure class=\"wp-block-gallery has-nested-images columns-default is-cropped wp-block-gallery-5 is-layout-flex wp-block-gallery-is-layout-flex\">\n<figure class=\"wp-block-image size-large\"><a href=\"https:\/\/teresacatalan.com\/wp-content\/uploads\/2020\/06\/partitura_024.jpg\"><img loading=\"lazy\" decoding=\"async\" width=\"424\" height=\"600\" data-id=\"390\" src=\"http:\/\/teresacatalan.com\/wp-content\/uploads\/2020\/06\/partitura_024.jpg\" alt=\"\" class=\"wp-image-390\" srcset=\"https:\/\/teresacatalan.com\/wp-content\/uploads\/2020\/06\/partitura_024.jpg 424w, https:\/\/teresacatalan.com\/wp-content\/uploads\/2020\/06\/partitura_024-212x300.jpg 212w, https:\/\/teresacatalan.com\/wp-content\/uploads\/2020\/06\/partitura_024-360x509.jpg 360w, https:\/\/teresacatalan.com\/wp-content\/uploads\/2020\/06\/partitura_024-250x354.jpg 250w, https:\/\/teresacatalan.com\/wp-content\/uploads\/2020\/06\/partitura_024-100x142.jpg 100w\" sizes=\"auto, (max-width: 424px) 100vw, 424px\" \/><\/a><\/figure>\n<\/figure>\n<\/div>\n\n\n\n<div class=\"wp-block-column is-layout-flow wp-block-column-is-layout-flow\" style=\"flex-basis:80%\">\n<p><strong>PAR\u00c1FRASIS<\/strong> (Piano solo)<br><em>En<\/em>: 24 Preludis per a Fr\u00e9d\u00e9ric Chopin.<br><em>Publicado por<\/em>: Editorial Piles. Valencia, 2017.<br>I.S.M.N: 979-0-3505-1103-5.<\/p>\n<\/div>\n<\/div>\n\n\n\n<div class=\"wp-block-columns is-layout-flex wp-container-core-columns-is-layout-9d6595d7 wp-block-columns-is-layout-flex\">\n<div class=\"wp-block-column is-layout-flow wp-block-column-is-layout-flow\" style=\"flex-basis:20%\">\n<figure class=\"wp-block-gallery has-nested-images columns-default is-cropped wp-block-gallery-6 is-layout-flex wp-block-gallery-is-layout-flex\">\n<figure class=\"wp-block-image size-large\"><a href=\"https:\/\/teresacatalan.com\/wp-content\/uploads\/2020\/06\/partitura_023.jpg\"><img loading=\"lazy\" decoding=\"async\" width=\"424\" height=\"424\" data-id=\"389\" src=\"http:\/\/teresacatalan.com\/wp-content\/uploads\/2020\/06\/partitura_023.jpg\" alt=\"\" class=\"wp-image-389\" srcset=\"https:\/\/teresacatalan.com\/wp-content\/uploads\/2020\/06\/partitura_023.jpg 424w, https:\/\/teresacatalan.com\/wp-content\/uploads\/2020\/06\/partitura_023-300x300.jpg 300w, https:\/\/teresacatalan.com\/wp-content\/uploads\/2020\/06\/partitura_023-150x150.jpg 150w, https:\/\/teresacatalan.com\/wp-content\/uploads\/2020\/06\/partitura_023-360x360.jpg 360w, https:\/\/teresacatalan.com\/wp-content\/uploads\/2020\/06\/partitura_023-250x250.jpg 250w, https:\/\/teresacatalan.com\/wp-content\/uploads\/2020\/06\/partitura_023-100x100.jpg 100w\" sizes=\"auto, (max-width: 424px) 100vw, 424px\" \/><\/a><\/figure>\n<\/figure>\n<\/div>\n\n\n\n<div class=\"wp-block-column is-layout-flow wp-block-column-is-layout-flow\" style=\"flex-basis:80%\">\n<p><strong>POR LA BELENA DE SAN CERNIN<\/strong> (Viol\u00edn solo)<br><em>En<\/em>: Papeles del Festival de m\u00fasica espa\u00f1ola de C\u00e1diz N\u00ba9.<br><em>Publicado por<\/em>: Junta de Andaluc\u00eda. Consejer\u00eda de Cultura. Sevilla, 2015.<br>I.S.M.N.: 979-0-801257-11-6.<\/p>\n<\/div>\n<\/div>\n\n\n\n<div class=\"wp-block-columns is-layout-flex wp-container-core-columns-is-layout-9d6595d7 wp-block-columns-is-layout-flex\">\n<div class=\"wp-block-column is-layout-flow wp-block-column-is-layout-flow\" style=\"flex-basis:20%\">\n<figure class=\"wp-block-gallery has-nested-images columns-default is-cropped wp-block-gallery-7 is-layout-flex wp-block-gallery-is-layout-flex\">\n<figure class=\"wp-block-image size-large\"><a href=\"https:\/\/teresacatalan.com\/wp-content\/uploads\/2020\/06\/partitura_022.jpg\"><img loading=\"lazy\" decoding=\"async\" width=\"424\" height=\"600\" data-id=\"388\" src=\"http:\/\/teresacatalan.com\/wp-content\/uploads\/2020\/06\/partitura_022.jpg\" alt=\"\" class=\"wp-image-388\" srcset=\"https:\/\/teresacatalan.com\/wp-content\/uploads\/2020\/06\/partitura_022.jpg 424w, https:\/\/teresacatalan.com\/wp-content\/uploads\/2020\/06\/partitura_022-212x300.jpg 212w, https:\/\/teresacatalan.com\/wp-content\/uploads\/2020\/06\/partitura_022-360x509.jpg 360w, https:\/\/teresacatalan.com\/wp-content\/uploads\/2020\/06\/partitura_022-250x354.jpg 250w, https:\/\/teresacatalan.com\/wp-content\/uploads\/2020\/06\/partitura_022-100x142.jpg 100w\" sizes=\"auto, (max-width: 424px) 100vw, 424px\" \/><\/a><\/figure>\n<\/figure>\n\n\n\n<p><\/p>\n<\/div>\n\n\n\n<div class=\"wp-block-column is-layout-flow wp-block-column-is-layout-flow\" style=\"flex-basis:80%\">\n<p><strong>CUADERNOS DE NOTAS: Cuaderno I: Las notas de Maia <\/strong>(Piano solo)<br><em>Publicado por<\/em>: Certosa Verlag (Alemania), 2015-06-25.<\/p>\n<\/div>\n<\/div>\n\n\n\n<div class=\"wp-block-columns is-layout-flex wp-container-core-columns-is-layout-9d6595d7 wp-block-columns-is-layout-flex\">\n<div class=\"wp-block-column is-layout-flow wp-block-column-is-layout-flow\" style=\"flex-basis:20%\">\n<figure class=\"wp-block-gallery has-nested-images columns-default is-cropped wp-block-gallery-8 is-layout-flex wp-block-gallery-is-layout-flex\">\n<figure class=\"wp-block-image size-large\"><a href=\"https:\/\/teresacatalan.com\/wp-content\/uploads\/2020\/06\/partitura_021.jpg\"><img loading=\"lazy\" decoding=\"async\" width=\"424\" height=\"600\" data-id=\"387\" src=\"http:\/\/teresacatalan.com\/wp-content\/uploads\/2020\/06\/partitura_021.jpg\" alt=\"\" class=\"wp-image-387\" srcset=\"https:\/\/teresacatalan.com\/wp-content\/uploads\/2020\/06\/partitura_021.jpg 424w, https:\/\/teresacatalan.com\/wp-content\/uploads\/2020\/06\/partitura_021-212x300.jpg 212w, https:\/\/teresacatalan.com\/wp-content\/uploads\/2020\/06\/partitura_021-360x509.jpg 360w, https:\/\/teresacatalan.com\/wp-content\/uploads\/2020\/06\/partitura_021-250x354.jpg 250w, https:\/\/teresacatalan.com\/wp-content\/uploads\/2020\/06\/partitura_021-100x142.jpg 100w\" sizes=\"auto, (max-width: 424px) 100vw, 424px\" \/><\/a><\/figure>\n<\/figure>\n<\/div>\n\n\n\n<div class=\"wp-block-column is-layout-flow wp-block-column-is-layout-flow\" style=\"flex-basis:80%\">\n<p><strong>SINE DIE<\/strong> (Clavec\u00edn)<br><em>En<\/em>: Papeles del Festival de m\u00fasica espa\u00f1ola de C\u00e1diz N\u00ba 8.<br><em>Publicado por:<\/em> Junta de Andaluc\u00eda. Consejer\u00eda de Cultura y Deporte. Sevilla, 2014.<br>I.S.M.N.: 979-0-801257-09-3 .<br><a rel=\"noreferrer noopener\" href=\"http:\/\/www.centrodedocumentacionmusicaldeandalucia.es\/opencms\/visualizador.html?publicacion=\/publicaciones\/2014\/obras-para-clavecin-partituras&amp;p=2\" target=\"_blank\"><\/a><\/p>\n<\/div>\n<\/div>\n\n\n\n<div class=\"wp-block-columns is-layout-flex wp-container-core-columns-is-layout-9d6595d7 wp-block-columns-is-layout-flex\">\n<div class=\"wp-block-column is-layout-flow wp-block-column-is-layout-flow\" style=\"flex-basis:20%\">\n<figure class=\"wp-block-gallery has-nested-images columns-default is-cropped wp-block-gallery-9 is-layout-flex wp-block-gallery-is-layout-flex\">\n<figure class=\"wp-block-image size-large\"><a href=\"https:\/\/teresacatalan.com\/wp-content\/uploads\/2020\/06\/partitura_020.jpg\"><img loading=\"lazy\" decoding=\"async\" width=\"424\" height=\"600\" data-id=\"386\" src=\"http:\/\/teresacatalan.com\/wp-content\/uploads\/2020\/06\/partitura_020.jpg\" alt=\"\" class=\"wp-image-386\" srcset=\"https:\/\/teresacatalan.com\/wp-content\/uploads\/2020\/06\/partitura_020.jpg 424w, https:\/\/teresacatalan.com\/wp-content\/uploads\/2020\/06\/partitura_020-212x300.jpg 212w, https:\/\/teresacatalan.com\/wp-content\/uploads\/2020\/06\/partitura_020-360x509.jpg 360w, https:\/\/teresacatalan.com\/wp-content\/uploads\/2020\/06\/partitura_020-250x354.jpg 250w, https:\/\/teresacatalan.com\/wp-content\/uploads\/2020\/06\/partitura_020-100x142.jpg 100w\" sizes=\"auto, (max-width: 424px) 100vw, 424px\" \/><\/a><\/figure>\n<\/figure>\n<\/div>\n\n\n\n<div class=\"wp-block-column is-layout-flow wp-block-column-is-layout-flow\" style=\"flex-basis:80%\">\n<p><strong>CANCI\u00d3N AZUL<\/strong> (Piano solo)<br><em>En<\/em>: TR\u00c9BOL. Cuadernos de m\u00fasica para disCapacidades N\u00ba 11.<br><em>Publicado por: <\/em>Fundaci\u00f3n M\u00fasica Abierta. Valladolid, 2014.<br>I.S.M.N.: 979-0-801258-11-3 .<\/p>\n<\/div>\n<\/div>\n\n\n\n<div class=\"wp-block-columns is-layout-flex wp-container-core-columns-is-layout-9d6595d7 wp-block-columns-is-layout-flex\">\n<div class=\"wp-block-column is-layout-flow wp-block-column-is-layout-flow\" style=\"flex-basis:20%\">\n<figure class=\"wp-block-gallery has-nested-images columns-default is-cropped wp-block-gallery-10 is-layout-flex wp-block-gallery-is-layout-flex\">\n<figure class=\"wp-block-image size-large\"><a href=\"https:\/\/teresacatalan.com\/wp-content\/uploads\/2020\/06\/partitura_019.jpg\"><img loading=\"lazy\" decoding=\"async\" width=\"424\" height=\"600\" data-id=\"385\" src=\"http:\/\/teresacatalan.com\/wp-content\/uploads\/2020\/06\/partitura_019.jpg\" alt=\"\" class=\"wp-image-385\" srcset=\"https:\/\/teresacatalan.com\/wp-content\/uploads\/2020\/06\/partitura_019.jpg 424w, https:\/\/teresacatalan.com\/wp-content\/uploads\/2020\/06\/partitura_019-212x300.jpg 212w, https:\/\/teresacatalan.com\/wp-content\/uploads\/2020\/06\/partitura_019-360x509.jpg 360w, https:\/\/teresacatalan.com\/wp-content\/uploads\/2020\/06\/partitura_019-250x354.jpg 250w, https:\/\/teresacatalan.com\/wp-content\/uploads\/2020\/06\/partitura_019-100x142.jpg 100w\" sizes=\"auto, (max-width: 424px) 100vw, 424px\" \/><\/a><\/figure>\n<\/figure>\n<\/div>\n\n\n\n<div class=\"wp-block-column is-layout-flow wp-block-column-is-layout-flow\" style=\"flex-basis:80%\">\n<p><strong>ESPARZAS <\/strong>(Mezzosoprano, viol\u00edn, violonchelo y piano)<br><em>En<\/em>: Papeles del Festival de m\u00fasica espa\u00f1ola de C\u00e1diz N\u00ba 5.<br><em>Publicado por<\/em>: Junta de Andaluc\u00eda. Consejer\u00eda de Cultura y Deporte. Sevilla, 2012.<br>I.S.M.N: 979-0-801257.05-5.<\/p>\n<\/div>\n<\/div>\n\n\n\n<div class=\"wp-block-columns is-layout-flex wp-container-core-columns-is-layout-9d6595d7 wp-block-columns-is-layout-flex\">\n<div class=\"wp-block-column is-layout-flow wp-block-column-is-layout-flow\" style=\"flex-basis:20%\">\n<figure class=\"wp-block-gallery has-nested-images columns-default is-cropped wp-block-gallery-11 is-layout-flex wp-block-gallery-is-layout-flex\">\n<figure class=\"wp-block-image size-large\"><a href=\"https:\/\/teresacatalan.com\/wp-content\/uploads\/2020\/06\/partitura_018.jpg\"><img loading=\"lazy\" decoding=\"async\" width=\"424\" height=\"600\" data-id=\"384\" src=\"http:\/\/teresacatalan.com\/wp-content\/uploads\/2020\/06\/partitura_018.jpg\" alt=\"\" class=\"wp-image-384\" srcset=\"https:\/\/teresacatalan.com\/wp-content\/uploads\/2020\/06\/partitura_018.jpg 424w, https:\/\/teresacatalan.com\/wp-content\/uploads\/2020\/06\/partitura_018-212x300.jpg 212w, https:\/\/teresacatalan.com\/wp-content\/uploads\/2020\/06\/partitura_018-360x509.jpg 360w, https:\/\/teresacatalan.com\/wp-content\/uploads\/2020\/06\/partitura_018-250x354.jpg 250w, https:\/\/teresacatalan.com\/wp-content\/uploads\/2020\/06\/partitura_018-100x142.jpg 100w\" sizes=\"auto, (max-width: 424px) 100vw, 424px\" \/><\/a><\/figure>\n<\/figure>\n<\/div>\n\n\n\n<div class=\"wp-block-column is-layout-flow wp-block-column-is-layout-flow\" style=\"flex-basis:80%\">\n<p><strong>LA CANCI\u00d3N DE PR\u00daA<\/strong> (Flauta y marimba)<br><em>En<\/em>: Papeles del Festival de m\u00fasica espa\u00f1ola de C\u00e1diz N\u00ba 4.<br><em>Publicado por<\/em>: Junta de Andaluc\u00eda. Consejer\u00eda de Cultura y Deporte. Sevilla, 2012.<br>I.S.M.N: 979-0-801257-06-2.<\/p>\n<\/div>\n<\/div>\n\n\n\n<div class=\"wp-block-columns is-layout-flex wp-container-core-columns-is-layout-9d6595d7 wp-block-columns-is-layout-flex\">\n<div class=\"wp-block-column is-layout-flow wp-block-column-is-layout-flow\" style=\"flex-basis:20%\">\n<figure class=\"wp-block-gallery has-nested-images columns-default is-cropped wp-block-gallery-12 is-layout-flex wp-block-gallery-is-layout-flex\">\n<figure class=\"wp-block-image size-large\"><a href=\"https:\/\/teresacatalan.com\/wp-content\/uploads\/2020\/06\/partitura_017.jpg\"><img loading=\"lazy\" decoding=\"async\" width=\"424\" height=\"600\" data-id=\"383\" src=\"http:\/\/teresacatalan.com\/wp-content\/uploads\/2020\/06\/partitura_017.jpg\" alt=\"\" class=\"wp-image-383\" srcset=\"https:\/\/teresacatalan.com\/wp-content\/uploads\/2020\/06\/partitura_017.jpg 424w, https:\/\/teresacatalan.com\/wp-content\/uploads\/2020\/06\/partitura_017-212x300.jpg 212w, https:\/\/teresacatalan.com\/wp-content\/uploads\/2020\/06\/partitura_017-360x509.jpg 360w, https:\/\/teresacatalan.com\/wp-content\/uploads\/2020\/06\/partitura_017-250x354.jpg 250w, https:\/\/teresacatalan.com\/wp-content\/uploads\/2020\/06\/partitura_017-100x142.jpg 100w\" sizes=\"auto, (max-width: 424px) 100vw, 424px\" \/><\/a><\/figure>\n<\/figure>\n<\/div>\n\n\n\n<div class=\"wp-block-column is-layout-flow wp-block-column-is-layout-flow\" style=\"flex-basis:80%\">\n<p><strong>ELEG\u00cdA N\u00ba 4 <\/strong>(Piano solo)<br><em>Publicado por<\/em>: Editorial Piles. Valencia, 2012.<br>I.S.M.N: 979-0-3505-0717-5.<\/p>\n<\/div>\n<\/div>\n\n\n\n<div class=\"wp-block-columns is-layout-flex wp-container-core-columns-is-layout-9d6595d7 wp-block-columns-is-layout-flex\">\n<div class=\"wp-block-column is-layout-flow wp-block-column-is-layout-flow\" style=\"flex-basis:20%\">\n<figure class=\"wp-block-gallery has-nested-images columns-default is-cropped wp-block-gallery-13 is-layout-flex wp-block-gallery-is-layout-flex\">\n<figure class=\"wp-block-image size-large\"><a href=\"https:\/\/teresacatalan.com\/wp-content\/uploads\/2020\/06\/partitura_016.jpg\"><img loading=\"lazy\" decoding=\"async\" width=\"424\" height=\"600\" data-id=\"382\" src=\"http:\/\/teresacatalan.com\/wp-content\/uploads\/2020\/06\/partitura_016.jpg\" alt=\"\" class=\"wp-image-382\" srcset=\"https:\/\/teresacatalan.com\/wp-content\/uploads\/2020\/06\/partitura_016.jpg 424w, https:\/\/teresacatalan.com\/wp-content\/uploads\/2020\/06\/partitura_016-212x300.jpg 212w, https:\/\/teresacatalan.com\/wp-content\/uploads\/2020\/06\/partitura_016-360x509.jpg 360w, https:\/\/teresacatalan.com\/wp-content\/uploads\/2020\/06\/partitura_016-250x354.jpg 250w, https:\/\/teresacatalan.com\/wp-content\/uploads\/2020\/06\/partitura_016-100x142.jpg 100w\" sizes=\"auto, (max-width: 424px) 100vw, 424px\" \/><\/a><\/figure>\n<\/figure>\n<\/div>\n\n\n\n<div class=\"wp-block-column is-layout-flow wp-block-column-is-layout-flow\" style=\"flex-basis:80%\">\n<p><strong>CORAL, PRELUDIO Y DANZA<\/strong> (Piano solo)<br><em>En<\/em>: Nueva creaci\u00f3n musical en memoria de Fernando Remacha Villar.<br><em>Publicado por: <\/em>Universidad P\u00fablica de Navarra. Pamplona, 2010.<br>I.S.M.N: 978-84-9769-259-5.<\/p>\n<\/div>\n<\/div>\n\n\n\n<div class=\"wp-block-columns is-layout-flex wp-container-core-columns-is-layout-9d6595d7 wp-block-columns-is-layout-flex\">\n<div class=\"wp-block-column is-layout-flow wp-block-column-is-layout-flow\" style=\"flex-basis:20%\">\n<figure class=\"wp-block-gallery has-nested-images columns-default is-cropped wp-block-gallery-14 is-layout-flex wp-block-gallery-is-layout-flex\">\n<figure class=\"wp-block-image size-large\"><a href=\"https:\/\/teresacatalan.com\/wp-content\/uploads\/2020\/06\/partitura_015.jpg\"><img loading=\"lazy\" decoding=\"async\" width=\"424\" height=\"600\" data-id=\"381\" src=\"http:\/\/teresacatalan.com\/wp-content\/uploads\/2020\/06\/partitura_015.jpg\" alt=\"\" class=\"wp-image-381\" srcset=\"https:\/\/teresacatalan.com\/wp-content\/uploads\/2020\/06\/partitura_015.jpg 424w, https:\/\/teresacatalan.com\/wp-content\/uploads\/2020\/06\/partitura_015-212x300.jpg 212w, https:\/\/teresacatalan.com\/wp-content\/uploads\/2020\/06\/partitura_015-360x509.jpg 360w, https:\/\/teresacatalan.com\/wp-content\/uploads\/2020\/06\/partitura_015-250x354.jpg 250w, https:\/\/teresacatalan.com\/wp-content\/uploads\/2020\/06\/partitura_015-100x142.jpg 100w\" sizes=\"auto, (max-width: 424px) 100vw, 424px\" \/><\/a><\/figure>\n<\/figure>\n<\/div>\n\n\n\n<div class=\"wp-block-column is-layout-flow wp-block-column-is-layout-flow\" style=\"flex-basis:80%\">\n<p><strong>WENN ALLES GEHT, NICHTS GEHT <\/strong>(Piano solo)<br><em>Publicado por:<\/em> Certosa Verlag (Alemania), 2010.<\/p>\n<\/div>\n<\/div>\n\n\n\n<div class=\"wp-block-columns is-layout-flex wp-container-core-columns-is-layout-9d6595d7 wp-block-columns-is-layout-flex\">\n<div class=\"wp-block-column is-layout-flow wp-block-column-is-layout-flow\" style=\"flex-basis:20%\">\n<figure class=\"wp-block-gallery has-nested-images columns-default is-cropped wp-block-gallery-15 is-layout-flex wp-block-gallery-is-layout-flex\">\n<figure class=\"wp-block-image size-large\"><a href=\"https:\/\/teresacatalan.com\/wp-content\/uploads\/2020\/06\/partitura_014.jpg\"><img loading=\"lazy\" decoding=\"async\" width=\"424\" height=\"600\" data-id=\"380\" src=\"http:\/\/teresacatalan.com\/wp-content\/uploads\/2020\/06\/partitura_014.jpg\" alt=\"\" class=\"wp-image-380\" srcset=\"https:\/\/teresacatalan.com\/wp-content\/uploads\/2020\/06\/partitura_014.jpg 424w, https:\/\/teresacatalan.com\/wp-content\/uploads\/2020\/06\/partitura_014-212x300.jpg 212w, https:\/\/teresacatalan.com\/wp-content\/uploads\/2020\/06\/partitura_014-360x509.jpg 360w, https:\/\/teresacatalan.com\/wp-content\/uploads\/2020\/06\/partitura_014-250x354.jpg 250w, https:\/\/teresacatalan.com\/wp-content\/uploads\/2020\/06\/partitura_014-100x142.jpg 100w\" sizes=\"auto, (max-width: 424px) 100vw, 424px\" \/><\/a><\/figure>\n<\/figure>\n<\/div>\n\n\n\n<div class=\"wp-block-column is-layout-flow wp-block-column-is-layout-flow\" style=\"flex-basis:80%\">\n<p><strong>EL P\u00c1JARO DE ESTINFALO<\/strong> (Flauta y piano)<br><em>Publicado por<\/em>: Certosa Verlag (Alemania), 2010.<\/p>\n<\/div>\n<\/div>\n\n\n\n<div class=\"wp-block-columns is-layout-flex wp-container-core-columns-is-layout-9d6595d7 wp-block-columns-is-layout-flex\">\n<div class=\"wp-block-column is-layout-flow wp-block-column-is-layout-flow\" style=\"flex-basis:20%\">\n<figure class=\"wp-block-gallery has-nested-images columns-default is-cropped wp-block-gallery-16 is-layout-flex wp-block-gallery-is-layout-flex\">\n<figure class=\"wp-block-image size-large\"><a href=\"https:\/\/teresacatalan.com\/wp-content\/uploads\/2020\/06\/partitura_013.jpg\"><img loading=\"lazy\" decoding=\"async\" width=\"424\" height=\"600\" data-id=\"379\" src=\"http:\/\/teresacatalan.com\/wp-content\/uploads\/2020\/06\/partitura_013.jpg\" alt=\"\" class=\"wp-image-379\" srcset=\"https:\/\/teresacatalan.com\/wp-content\/uploads\/2020\/06\/partitura_013.jpg 424w, https:\/\/teresacatalan.com\/wp-content\/uploads\/2020\/06\/partitura_013-212x300.jpg 212w, https:\/\/teresacatalan.com\/wp-content\/uploads\/2020\/06\/partitura_013-360x509.jpg 360w, https:\/\/teresacatalan.com\/wp-content\/uploads\/2020\/06\/partitura_013-250x354.jpg 250w, https:\/\/teresacatalan.com\/wp-content\/uploads\/2020\/06\/partitura_013-100x142.jpg 100w\" sizes=\"auto, (max-width: 424px) 100vw, 424px\" \/><\/a><\/figure>\n<\/figure>\n<\/div>\n\n\n\n<div class=\"wp-block-column is-layout-flow wp-block-column-is-layout-flow\" style=\"flex-basis:80%\">\n<p><strong>FIVE ON FIVE<\/strong> (Piano solo)<br><em>Publicado por<\/em>: Certosa Verlag (Alemania), 2010.<\/p>\n<\/div>\n<\/div>\n\n\n\n<div class=\"wp-block-columns is-layout-flex wp-container-core-columns-is-layout-9d6595d7 wp-block-columns-is-layout-flex\">\n<div class=\"wp-block-column is-layout-flow wp-block-column-is-layout-flow\" style=\"flex-basis:20%\">\n<figure class=\"wp-block-gallery has-nested-images columns-default is-cropped wp-block-gallery-17 is-layout-flex wp-block-gallery-is-layout-flex\">\n<figure class=\"wp-block-image size-large\"><a href=\"https:\/\/teresacatalan.com\/wp-content\/uploads\/2020\/06\/partitura_012.jpg\"><img loading=\"lazy\" decoding=\"async\" width=\"424\" height=\"600\" data-id=\"378\" src=\"http:\/\/teresacatalan.com\/wp-content\/uploads\/2020\/06\/partitura_012.jpg\" alt=\"\" class=\"wp-image-378\" srcset=\"https:\/\/teresacatalan.com\/wp-content\/uploads\/2020\/06\/partitura_012.jpg 424w, https:\/\/teresacatalan.com\/wp-content\/uploads\/2020\/06\/partitura_012-212x300.jpg 212w, https:\/\/teresacatalan.com\/wp-content\/uploads\/2020\/06\/partitura_012-360x509.jpg 360w, https:\/\/teresacatalan.com\/wp-content\/uploads\/2020\/06\/partitura_012-250x354.jpg 250w, https:\/\/teresacatalan.com\/wp-content\/uploads\/2020\/06\/partitura_012-100x142.jpg 100w\" sizes=\"auto, (max-width: 424px) 100vw, 424px\" \/><\/a><\/figure>\n<\/figure>\n<\/div>\n\n\n\n<div class=\"wp-block-column is-layout-flow wp-block-column-is-layout-flow\" style=\"flex-basis:80%\">\n<p><strong>GLOSA EN TONO DE RE: MANUEL CASTILLO IN MEMORIAM<\/strong> (Para orquesta sinf\u00f3nica)<br><em>Publicado por<\/em>: Papeles del Festival de M\u00fasica de C\u00e1diz, Cuaderno N\u00ba 1. C\u00e1diz, 2007.<br>I.S.M.N.: M-9013143-0-6.<\/p>\n<\/div>\n<\/div>\n\n\n\n<div class=\"wp-block-columns is-layout-flex wp-container-core-columns-is-layout-9d6595d7 wp-block-columns-is-layout-flex\">\n<div class=\"wp-block-column is-layout-flow wp-block-column-is-layout-flow\" style=\"flex-basis:20%\">\n<figure class=\"wp-block-gallery has-nested-images columns-default is-cropped wp-block-gallery-18 is-layout-flex wp-block-gallery-is-layout-flex\">\n<figure class=\"wp-block-image size-large\"><a href=\"https:\/\/teresacatalan.com\/wp-content\/uploads\/2020\/06\/partitura_011.jpg\"><img loading=\"lazy\" decoding=\"async\" width=\"424\" height=\"600\" data-id=\"377\" src=\"http:\/\/teresacatalan.com\/wp-content\/uploads\/2020\/06\/partitura_011.jpg\" alt=\"\" class=\"wp-image-377\" srcset=\"https:\/\/teresacatalan.com\/wp-content\/uploads\/2020\/06\/partitura_011.jpg 424w, https:\/\/teresacatalan.com\/wp-content\/uploads\/2020\/06\/partitura_011-212x300.jpg 212w, https:\/\/teresacatalan.com\/wp-content\/uploads\/2020\/06\/partitura_011-360x509.jpg 360w, https:\/\/teresacatalan.com\/wp-content\/uploads\/2020\/06\/partitura_011-250x354.jpg 250w, https:\/\/teresacatalan.com\/wp-content\/uploads\/2020\/06\/partitura_011-100x142.jpg 100w\" sizes=\"auto, (max-width: 424px) 100vw, 424px\" \/><\/a><\/figure>\n<\/figure>\n<\/div>\n\n\n\n<div class=\"wp-block-column is-layout-flow wp-block-column-is-layout-flow\" style=\"flex-basis:80%\">\n<p><strong>ELEG\u00cdA N\u00ba 3<\/strong> (Piano solo)<br><em>Publicado por<\/em>: Revista Quodlibet, N\u00ba 39, septiembre\/diciembre. Universidad de Alcal\u00e1. Alcal\u00e1 de Henares (Madrid), 2007.<br>I.S.S.N.: 1134-8615.<\/p>\n<\/div>\n<\/div>\n\n\n\n<div class=\"wp-block-columns is-layout-flex wp-container-core-columns-is-layout-9d6595d7 wp-block-columns-is-layout-flex\">\n<div class=\"wp-block-column is-layout-flow wp-block-column-is-layout-flow\" style=\"flex-basis:20%\">\n<figure class=\"wp-block-gallery has-nested-images columns-default is-cropped wp-block-gallery-19 is-layout-flex wp-block-gallery-is-layout-flex\">\n<figure class=\"wp-block-image size-large\"><a href=\"https:\/\/teresacatalan.com\/wp-content\/uploads\/2020\/06\/partitura_010.jpg\"><img loading=\"lazy\" decoding=\"async\" width=\"424\" height=\"600\" data-id=\"376\" src=\"http:\/\/teresacatalan.com\/wp-content\/uploads\/2020\/06\/partitura_010.jpg\" alt=\"\" class=\"wp-image-376\" srcset=\"https:\/\/teresacatalan.com\/wp-content\/uploads\/2020\/06\/partitura_010.jpg 424w, https:\/\/teresacatalan.com\/wp-content\/uploads\/2020\/06\/partitura_010-212x300.jpg 212w, https:\/\/teresacatalan.com\/wp-content\/uploads\/2020\/06\/partitura_010-360x509.jpg 360w, https:\/\/teresacatalan.com\/wp-content\/uploads\/2020\/06\/partitura_010-250x354.jpg 250w, https:\/\/teresacatalan.com\/wp-content\/uploads\/2020\/06\/partitura_010-100x142.jpg 100w\" sizes=\"auto, (max-width: 424px) 100vw, 424px\" \/><\/a><\/figure>\n<\/figure>\n<\/div>\n\n\n\n<div class=\"wp-block-column is-layout-flow wp-block-column-is-layout-flow\" style=\"flex-basis:80%\">\n<p><strong>L\u00cdMITE INFINITO<\/strong> (Flauta y arpa)<br><em>Publicado por<\/em>: Editorial Piles. Valencia, 2003.<\/p>\n<\/div>\n<\/div>\n\n\n\n<div class=\"wp-block-columns is-layout-flex wp-container-core-columns-is-layout-9d6595d7 wp-block-columns-is-layout-flex\">\n<div class=\"wp-block-column is-layout-flow wp-block-column-is-layout-flow\" style=\"flex-basis:20%\">\n<figure class=\"wp-block-gallery has-nested-images columns-default is-cropped wp-block-gallery-20 is-layout-flex wp-block-gallery-is-layout-flex\">\n<figure class=\"wp-block-image size-large\"><a href=\"https:\/\/teresacatalan.com\/wp-content\/uploads\/2020\/06\/partitura_009.jpg\"><img loading=\"lazy\" decoding=\"async\" width=\"424\" height=\"600\" data-id=\"375\" src=\"http:\/\/teresacatalan.com\/wp-content\/uploads\/2020\/06\/partitura_009.jpg\" alt=\"\" class=\"wp-image-375\" srcset=\"https:\/\/teresacatalan.com\/wp-content\/uploads\/2020\/06\/partitura_009.jpg 424w, https:\/\/teresacatalan.com\/wp-content\/uploads\/2020\/06\/partitura_009-212x300.jpg 212w, https:\/\/teresacatalan.com\/wp-content\/uploads\/2020\/06\/partitura_009-360x509.jpg 360w, https:\/\/teresacatalan.com\/wp-content\/uploads\/2020\/06\/partitura_009-250x354.jpg 250w, https:\/\/teresacatalan.com\/wp-content\/uploads\/2020\/06\/partitura_009-100x142.jpg 100w\" sizes=\"auto, (max-width: 424px) 100vw, 424px\" \/><\/a><\/figure>\n<\/figure>\n<\/div>\n\n\n\n<div class=\"wp-block-column is-layout-flow wp-block-column-is-layout-flow\" style=\"flex-basis:80%\">\n<p><strong>JUGUETES ROTOS<\/strong> (Piano solo)<br><em>Publicado por<\/em>: Editorial Piles. Valencia, 2001.<\/p>\n<\/div>\n<\/div>\n\n\n\n<div class=\"wp-block-columns is-layout-flex wp-container-core-columns-is-layout-9d6595d7 wp-block-columns-is-layout-flex\">\n<div class=\"wp-block-column is-layout-flow wp-block-column-is-layout-flow\" style=\"flex-basis:20%\">\n<figure class=\"wp-block-gallery has-nested-images columns-default is-cropped wp-block-gallery-21 is-layout-flex wp-block-gallery-is-layout-flex\">\n<figure class=\"wp-block-image size-large\"><a href=\"https:\/\/teresacatalan.com\/wp-content\/uploads\/2020\/06\/partitura_008.jpg\"><img loading=\"lazy\" decoding=\"async\" width=\"424\" height=\"600\" data-id=\"374\" src=\"http:\/\/teresacatalan.com\/wp-content\/uploads\/2020\/06\/partitura_008.jpg\" alt=\"\" class=\"wp-image-374\" srcset=\"https:\/\/teresacatalan.com\/wp-content\/uploads\/2020\/06\/partitura_008.jpg 424w, https:\/\/teresacatalan.com\/wp-content\/uploads\/2020\/06\/partitura_008-212x300.jpg 212w, https:\/\/teresacatalan.com\/wp-content\/uploads\/2020\/06\/partitura_008-360x509.jpg 360w, https:\/\/teresacatalan.com\/wp-content\/uploads\/2020\/06\/partitura_008-250x354.jpg 250w, https:\/\/teresacatalan.com\/wp-content\/uploads\/2020\/06\/partitura_008-100x142.jpg 100w\" sizes=\"auto, (max-width: 424px) 100vw, 424px\" \/><\/a><\/figure>\n<\/figure>\n<\/div>\n\n\n\n<div class=\"wp-block-column is-layout-flow wp-block-column-is-layout-flow\" style=\"flex-basis:80%\">\n<p><strong>ELEG\u00cdA N\u00ba 2 <\/strong>(Piano solo)<br><em>Publicado por<\/em>: Editorial Piles. Valencia, 2001.<\/p>\n\n\n\n<p><\/p>\n<\/div>\n<\/div>\n\n\n\n<div class=\"wp-block-columns is-layout-flex wp-container-core-columns-is-layout-9d6595d7 wp-block-columns-is-layout-flex\">\n<div class=\"wp-block-column is-layout-flow wp-block-column-is-layout-flow\" style=\"flex-basis:20%\">\n<figure class=\"wp-block-gallery has-nested-images columns-default is-cropped wp-block-gallery-22 is-layout-flex wp-block-gallery-is-layout-flex\">\n<figure class=\"wp-block-image size-large\"><a href=\"https:\/\/teresacatalan.com\/wp-content\/uploads\/2020\/06\/partitura_007.jpg\"><img loading=\"lazy\" decoding=\"async\" width=\"424\" height=\"600\" data-id=\"373\" src=\"http:\/\/teresacatalan.com\/wp-content\/uploads\/2020\/06\/partitura_007.jpg\" alt=\"\" class=\"wp-image-373\" srcset=\"https:\/\/teresacatalan.com\/wp-content\/uploads\/2020\/06\/partitura_007.jpg 424w, https:\/\/teresacatalan.com\/wp-content\/uploads\/2020\/06\/partitura_007-212x300.jpg 212w, https:\/\/teresacatalan.com\/wp-content\/uploads\/2020\/06\/partitura_007-360x509.jpg 360w, https:\/\/teresacatalan.com\/wp-content\/uploads\/2020\/06\/partitura_007-250x354.jpg 250w, https:\/\/teresacatalan.com\/wp-content\/uploads\/2020\/06\/partitura_007-100x142.jpg 100w\" sizes=\"auto, (max-width: 424px) 100vw, 424px\" \/><\/a><\/figure>\n<\/figure>\n<\/div>\n\n\n\n<div class=\"wp-block-column is-layout-flow wp-block-column-is-layout-flow\" style=\"flex-basis:80%\">\n<p><strong>ELEG\u00cdA N\u00ba 1 <\/strong>(Piano solo)<br><em>Publicado por<\/em>: Editorial Piles. Valencia, 2001.<\/p>\n<\/div>\n<\/div>\n\n\n\n<div class=\"wp-block-columns is-layout-flex wp-container-core-columns-is-layout-9d6595d7 wp-block-columns-is-layout-flex\">\n<div class=\"wp-block-column is-layout-flow wp-block-column-is-layout-flow\" style=\"flex-basis:20%\">\n<figure class=\"wp-block-gallery has-nested-images columns-default is-cropped wp-block-gallery-23 is-layout-flex wp-block-gallery-is-layout-flex\">\n<figure class=\"wp-block-image size-large\"><a href=\"https:\/\/teresacatalan.com\/wp-content\/uploads\/2020\/06\/partitura_006.jpg\"><img loading=\"lazy\" decoding=\"async\" width=\"424\" height=\"600\" data-id=\"372\" src=\"http:\/\/teresacatalan.com\/wp-content\/uploads\/2020\/06\/partitura_006.jpg\" alt=\"\" class=\"wp-image-372\" srcset=\"https:\/\/teresacatalan.com\/wp-content\/uploads\/2020\/06\/partitura_006.jpg 424w, https:\/\/teresacatalan.com\/wp-content\/uploads\/2020\/06\/partitura_006-212x300.jpg 212w, https:\/\/teresacatalan.com\/wp-content\/uploads\/2020\/06\/partitura_006-360x509.jpg 360w, https:\/\/teresacatalan.com\/wp-content\/uploads\/2020\/06\/partitura_006-250x354.jpg 250w, https:\/\/teresacatalan.com\/wp-content\/uploads\/2020\/06\/partitura_006-100x142.jpg 100w\" sizes=\"auto, (max-width: 424px) 100vw, 424px\" \/><\/a><\/figure>\n<\/figure>\n<\/div>\n\n\n\n<div class=\"wp-block-column is-layout-flow wp-block-column-is-layout-flow\" style=\"flex-basis:80%\">\n<p><strong>HOM FORA SENY<\/strong> (Soprano y piano)<br><em>Publicado por<\/em>: Editorial Piles. Valencia, 2000.<\/p>\n<\/div>\n<\/div>\n\n\n\n<div class=\"wp-block-columns is-layout-flex wp-container-core-columns-is-layout-9d6595d7 wp-block-columns-is-layout-flex\">\n<div class=\"wp-block-column is-layout-flow wp-block-column-is-layout-flow\" style=\"flex-basis:20%\">\n<figure class=\"wp-block-gallery has-nested-images columns-default is-cropped wp-block-gallery-24 is-layout-flex wp-block-gallery-is-layout-flex\">\n<figure class=\"wp-block-image size-large\"><a href=\"https:\/\/teresacatalan.com\/wp-content\/uploads\/2020\/06\/partitura_005.jpg\"><img loading=\"lazy\" decoding=\"async\" width=\"424\" height=\"600\" data-id=\"371\" src=\"http:\/\/teresacatalan.com\/wp-content\/uploads\/2020\/06\/partitura_005.jpg\" alt=\"\" class=\"wp-image-371\" srcset=\"https:\/\/teresacatalan.com\/wp-content\/uploads\/2020\/06\/partitura_005.jpg 424w, https:\/\/teresacatalan.com\/wp-content\/uploads\/2020\/06\/partitura_005-212x300.jpg 212w, https:\/\/teresacatalan.com\/wp-content\/uploads\/2020\/06\/partitura_005-360x509.jpg 360w, https:\/\/teresacatalan.com\/wp-content\/uploads\/2020\/06\/partitura_005-250x354.jpg 250w, https:\/\/teresacatalan.com\/wp-content\/uploads\/2020\/06\/partitura_005-100x142.jpg 100w\" sizes=\"auto, (max-width: 424px) 100vw, 424px\" \/><\/a><\/figure>\n<\/figure>\n<\/div>\n\n\n\n<div class=\"wp-block-column is-layout-flow wp-block-column-is-layout-flow\" style=\"flex-basis:80%\">\n<p><strong>EL PRIMER JUGUETE<\/strong> (Guitarra sola)<br><em>Publicado por:<\/em> Editorial Piles. Valencia, 2000.<\/p>\n<\/div>\n<\/div>\n\n\n\n<div class=\"wp-block-columns is-layout-flex wp-container-core-columns-is-layout-9d6595d7 wp-block-columns-is-layout-flex\">\n<div class=\"wp-block-column is-layout-flow wp-block-column-is-layout-flow\" style=\"flex-basis:20%\">\n<figure class=\"wp-block-gallery has-nested-images columns-default is-cropped wp-block-gallery-25 is-layout-flex wp-block-gallery-is-layout-flex\">\n<figure class=\"wp-block-image size-large\"><a href=\"https:\/\/teresacatalan.com\/wp-content\/uploads\/2020\/06\/partitura_004.jpg\"><img loading=\"lazy\" decoding=\"async\" width=\"424\" height=\"600\" data-id=\"370\" src=\"http:\/\/teresacatalan.com\/wp-content\/uploads\/2020\/06\/partitura_004.jpg\" alt=\"\" class=\"wp-image-370\" srcset=\"https:\/\/teresacatalan.com\/wp-content\/uploads\/2020\/06\/partitura_004.jpg 424w, https:\/\/teresacatalan.com\/wp-content\/uploads\/2020\/06\/partitura_004-212x300.jpg 212w, https:\/\/teresacatalan.com\/wp-content\/uploads\/2020\/06\/partitura_004-360x509.jpg 360w, https:\/\/teresacatalan.com\/wp-content\/uploads\/2020\/06\/partitura_004-250x354.jpg 250w, https:\/\/teresacatalan.com\/wp-content\/uploads\/2020\/06\/partitura_004-100x142.jpg 100w\" sizes=\"auto, (max-width: 424px) 100vw, 424px\" \/><\/a><\/figure>\n<\/figure>\n<\/div>\n\n\n\n<div class=\"wp-block-column is-layout-flow wp-block-column-is-layout-flow\" style=\"flex-basis:80%\">\n<p><strong>LARUNBATA ARRATSALDIAN<\/strong> (Coro mixto)<br><em>Publicado por:<\/em> Federaci\u00f3n de Coros de Euskadi. Publicaci\u00f3n Colectiva. San Sebasti\u00e1n, 1991.<\/p>\n<\/div>\n<\/div>\n\n\n\n<div class=\"wp-block-columns is-layout-flex wp-container-core-columns-is-layout-9d6595d7 wp-block-columns-is-layout-flex\">\n<div class=\"wp-block-column is-layout-flow wp-block-column-is-layout-flow\" style=\"flex-basis:20%\">\n<figure class=\"wp-block-gallery has-nested-images columns-default is-cropped wp-block-gallery-26 is-layout-flex wp-block-gallery-is-layout-flex\">\n<figure class=\"wp-block-image size-large\"><a href=\"https:\/\/teresacatalan.com\/wp-content\/uploads\/2020\/06\/partitura_003.jpg\"><img loading=\"lazy\" decoding=\"async\" width=\"424\" height=\"600\" data-id=\"369\" src=\"http:\/\/teresacatalan.com\/wp-content\/uploads\/2020\/06\/partitura_003.jpg\" alt=\"\" class=\"wp-image-369\" srcset=\"https:\/\/teresacatalan.com\/wp-content\/uploads\/2020\/06\/partitura_003.jpg 424w, https:\/\/teresacatalan.com\/wp-content\/uploads\/2020\/06\/partitura_003-212x300.jpg 212w, https:\/\/teresacatalan.com\/wp-content\/uploads\/2020\/06\/partitura_003-360x509.jpg 360w, https:\/\/teresacatalan.com\/wp-content\/uploads\/2020\/06\/partitura_003-250x354.jpg 250w, https:\/\/teresacatalan.com\/wp-content\/uploads\/2020\/06\/partitura_003-100x142.jpg 100w\" sizes=\"auto, (max-width: 424px) 100vw, 424px\" \/><\/a><\/figure>\n<\/figure>\n<\/div>\n\n\n\n<div class=\"wp-block-column is-layout-flow wp-block-column-is-layout-flow\" style=\"flex-basis:80%\">\n<p><strong>DOS EFES EN CANTO CUARTO<\/strong> (Coro mixto)<br><em>Publicado por<\/em>: Federaci\u00f3n de Coros de Euskadi. Publicaci\u00f3n Colectiva. San Sebasti\u00e1n, 1991.<\/p>\n<\/div>\n<\/div>\n\n\n\n<div class=\"wp-block-columns is-layout-flex wp-container-core-columns-is-layout-9d6595d7 wp-block-columns-is-layout-flex\">\n<div class=\"wp-block-column is-layout-flow wp-block-column-is-layout-flow\" style=\"flex-basis:20%\">\n<figure class=\"wp-block-gallery has-nested-images columns-default is-cropped wp-block-gallery-27 is-layout-flex wp-block-gallery-is-layout-flex\">\n<figure class=\"wp-block-image size-large\"><a href=\"https:\/\/teresacatalan.com\/wp-content\/uploads\/2020\/06\/partitura_002.jpg\"><img loading=\"lazy\" decoding=\"async\" width=\"424\" height=\"600\" data-id=\"368\" src=\"http:\/\/teresacatalan.com\/wp-content\/uploads\/2020\/06\/partitura_002.jpg\" alt=\"\" class=\"wp-image-368\" srcset=\"https:\/\/teresacatalan.com\/wp-content\/uploads\/2020\/06\/partitura_002.jpg 424w, https:\/\/teresacatalan.com\/wp-content\/uploads\/2020\/06\/partitura_002-212x300.jpg 212w, https:\/\/teresacatalan.com\/wp-content\/uploads\/2020\/06\/partitura_002-360x509.jpg 360w, https:\/\/teresacatalan.com\/wp-content\/uploads\/2020\/06\/partitura_002-250x354.jpg 250w, https:\/\/teresacatalan.com\/wp-content\/uploads\/2020\/06\/partitura_002-100x142.jpg 100w\" sizes=\"auto, (max-width: 424px) 100vw, 424px\" \/><\/a><\/figure>\n<\/figure>\n<\/div>\n\n\n\n<div class=\"wp-block-column is-layout-flow wp-block-column-is-layout-flow\" style=\"flex-basis:80%\">\n<p><strong>DA CAPO (Col legno) <\/strong>(Obra colectiva para piano solo)<br><em>Publicado por:<\/em> Colecci\u00f3n Ars Viva. Editorial Arte Tripharia. Madrid, 1988.<\/p>\n<\/div>\n<\/div>\n\n\n\n<div class=\"wp-block-columns is-layout-flex wp-container-core-columns-is-layout-9d6595d7 wp-block-columns-is-layout-flex\">\n<div class=\"wp-block-column is-layout-flow wp-block-column-is-layout-flow\" style=\"flex-basis:20%\">\n<figure class=\"wp-block-gallery has-nested-images columns-default is-cropped borde-negro wp-block-gallery-28 is-layout-flex wp-block-gallery-is-layout-flex\">\n<figure class=\"wp-block-image size-large\"><a href=\"https:\/\/teresacatalan.com\/wp-content\/uploads\/2020\/06\/partitura_001.jpg\"><img loading=\"lazy\" decoding=\"async\" width=\"424\" height=\"600\" data-id=\"367\" src=\"http:\/\/teresacatalan.com\/wp-content\/uploads\/2020\/06\/partitura_001.jpg\" alt=\"\" class=\"wp-image-367\" srcset=\"https:\/\/teresacatalan.com\/wp-content\/uploads\/2020\/06\/partitura_001.jpg 424w, https:\/\/teresacatalan.com\/wp-content\/uploads\/2020\/06\/partitura_001-212x300.jpg 212w, https:\/\/teresacatalan.com\/wp-content\/uploads\/2020\/06\/partitura_001-360x509.jpg 360w, https:\/\/teresacatalan.com\/wp-content\/uploads\/2020\/06\/partitura_001-250x354.jpg 250w, https:\/\/teresacatalan.com\/wp-content\/uploads\/2020\/06\/partitura_001-100x142.jpg 100w\" sizes=\"auto, (max-width: 424px) 100vw, 424px\" \/><\/a><\/figure>\n<\/figure>\n<\/div>\n\n\n\n<div class=\"wp-block-column is-layout-flow wp-block-column-is-layout-flow\" style=\"flex-basis:80%\">\n<p><strong>IRU\u00d1EAKO TALDEA PIANO VARIACIONES<\/strong> (Obra colectiva para piano solo)<br><em>Publicado por:<\/em> Caja de Ahorros Municipal. Pamplona, 1986.<\/p>\n<\/div>\n<\/div>\n\n\n\n<p><\/p>\n","protected":false},"excerpt":{"rendered":"<p>CR\u00d3NICAS DE EPICURO. Agust\u00edn Gonz\u00e1lez Acilu&nbsp;in honores&nbsp;(Piano solo)En:&nbsp;Colecci\u00f3n La invisibilitat sonora, N\u00ba 2.Publicado por:&nbsp;Editorial Tot per l\u2019aire, Valencia, 2021 LA SOMBRA DE RIM EN \u201cLA LADRONA\u201d&nbsp;(Viol\u00edn y arpa)En: La Alhambra interpretada. Sonidos.Publicado por: Patronato de[&#8230;]<\/p>\n","protected":false},"author":1,"featured_media":0,"parent":0,"menu_order":0,"comment_status":"closed","ping_status":"closed","template":"","meta":{"ngg_post_thumbnail":0,"footnotes":""},"class_list":["post-68","page","type-page","status-publish","hentry"],"_links":{"self":[{"href":"https:\/\/teresacatalan.com\/index.php?rest_route=\/wp\/v2\/pages\/68","targetHints":{"allow":["GET"]}}],"collection":[{"href":"https:\/\/teresacatalan.com\/index.php?rest_route=\/wp\/v2\/pages"}],"about":[{"href":"https:\/\/teresacatalan.com\/index.php?rest_route=\/wp\/v2\/types\/page"}],"author":[{"embeddable":true,"href":"https:\/\/teresacatalan.com\/index.php?rest_route=\/wp\/v2\/users\/1"}],"replies":[{"embeddable":true,"href":"https:\/\/teresacatalan.com\/index.php?rest_route=%2Fwp%2Fv2%2Fcomments&post=68"}],"version-history":[{"count":27,"href":"https:\/\/teresacatalan.com\/index.php?rest_route=\/wp\/v2\/pages\/68\/revisions"}],"predecessor-version":[{"id":1468,"href":"https:\/\/teresacatalan.com\/index.php?rest_route=\/wp\/v2\/pages\/68\/revisions\/1468"}],"wp:attachment":[{"href":"https:\/\/teresacatalan.com\/index.php?rest_route=%2Fwp%2Fv2%2Fmedia&parent=68"}],"curies":[{"name":"wp","href":"https:\/\/api.w.org\/{rel}","templated":true}]}}